{"id":87,"date":"2024-01-24T16:57:52","date_gmt":"2024-01-24T15:57:52","guid":{"rendered":"https:\/\/letrigram.com\/?page_id=87"},"modified":"2026-04-04T09:53:30","modified_gmt":"2026-04-04T07:53:30","slug":"historique-evenements","status":"publish","type":"page","link":"https:\/\/letrigram.com\/?page_id=87","title":{"rendered":"Historique \u00e9v\u00e8nements"},"content":{"rendered":"\t\t<div data-elementor-type=\"wp-page\" data-elementor-id=\"87\" class=\"elementor elementor-87\">\n\t\t\t\t<div class=\"elementor-element elementor-element-7ae160e e-flex e-con-boxed e-con e-parent\" data-id=\"7ae160e\" data-element_type=\"container\" data-e-type=\"container\">\n\t\t\t\t\t<div class=\"e-con-inner\">\n\t\t\t\t<div class=\"elementor-element elementor-element-6d8c949 elementor-widget elementor-widget-heading\" data-id=\"6d8c949\" data-element_type=\"widget\" data-e-type=\"widget\" data-widget_type=\"heading.default\">\n\t\t\t\t<div class=\"elementor-widget-container\">\n\t\t\t\t\t<h2 class=\"elementor-heading-title elementor-size-default\">2026<\/h2>\t\t\t\t<\/div>\n\t\t\t\t<\/div>\n\t\t\t\t\t<\/div>\n\t\t\t\t<\/div>\n\t\t<div class=\"elementor-element elementor-element-8414a48 e-flex e-con-boxed e-con e-parent\" data-id=\"8414a48\" data-element_type=\"container\" data-e-type=\"container\">\n\t\t\t\t\t<div class=\"e-con-inner\">\n\t\t<div class=\"elementor-element elementor-element-1c1f40f e-con-full e-flex e-con e-child\" data-id=\"1c1f40f\" data-element_type=\"container\" data-e-type=\"container\">\n\t\t\t\t<div class=\"elementor-element elementor-element-ea6844b elementor-widget__width-initial elementor-widget elementor-widget-image\" data-id=\"ea6844b\" data-element_type=\"widget\" data-e-type=\"widget\" data-widget_type=\"image.default\">\n\t\t\t\t<div class=\"elementor-widget-container\">\n\t\t\t\t\t\t\t\t\t\t\t\t\t\t\t<img fetchpriority=\"high\" decoding=\"async\" width=\"727\" height=\"1024\" src=\"https:\/\/letrigram.com\/wp-content\/uploads\/2026\/02\/A6-FLYER-christophe-Curien-727x1024.jpg\" class=\"attachment-large size-large wp-image-1165\" alt=\"\" srcset=\"https:\/\/letrigram.com\/wp-content\/uploads\/2026\/02\/A6-FLYER-christophe-Curien-727x1024.jpg 727w, https:\/\/letrigram.com\/wp-content\/uploads\/2026\/02\/A6-FLYER-christophe-Curien-213x300.jpg 213w, https:\/\/letrigram.com\/wp-content\/uploads\/2026\/02\/A6-FLYER-christophe-Curien-768x1082.jpg 768w, https:\/\/letrigram.com\/wp-content\/uploads\/2026\/02\/A6-FLYER-christophe-Curien-1090x1536.jpg 1090w, https:\/\/letrigram.com\/wp-content\/uploads\/2026\/02\/A6-FLYER-christophe-Curien.jpg 1228w\" sizes=\"(max-width: 727px) 100vw, 727px\" \/>\t\t\t\t\t\t\t\t\t\t\t\t\t\t\t<\/div>\n\t\t\t\t<\/div>\n\t\t\t\t<\/div>\n\t\t<div class=\"elementor-element elementor-element-d797ebb e-con-full e-flex e-con e-child\" data-id=\"d797ebb\" data-element_type=\"container\" data-e-type=\"container\">\n\t\t\t\t<div class=\"elementor-element elementor-element-796307f elementor-widget elementor-widget-text-editor\" data-id=\"796307f\" data-element_type=\"widget\" data-e-type=\"widget\" data-widget_type=\"text-editor.default\">\n\t\t\t\t<div class=\"elementor-widget-container\">\n\t\t\t\t\t\t\t\t\t<p style=\"font-weight: 400;\">Pour commencer cette quatri\u00e8me saison d\u2019expositions, la galerie invite <strong>Christophe Curien <\/strong>dans une \u2018<strong><em>Exposition d\u00e9con-CERFS-tante\u2019<\/em><\/strong>.<\/p><p style=\"font-weight: 400;\">L\u2019artiste regarde le monde d\u2019un \u0153il amus\u00e9 et transpose l\u2019environnement.<br \/>\u200dPeintre figuratif, dans un registre tr\u00e8s color\u00e9, il aime recourir \u00e0 des mises en sc\u00e8nes cocasses, des jeux de mots, des curiosit\u00e9s de langage, des d\u00e9tournements d\u2019objets o\u00f9 l\u2019humour et le symbolique ne sont pas absents, le double sens et la m\u00e9taphore ne sont jamais loin.<br \/>Curieux de multiples domaines, il donne libre cours \u00e0 son esprit inventif et joyeux, libre de toute entrave.<\/p><p style=\"font-weight: 400;\"><em>Depuis la pr\u00e9histoire, le cerf, cet animal mythique aux bois majestueux a toujours \u00e9t\u00e9 pr\u00e9sent dans bien des r\u00e9cits et l\u00e9gendes de pratiquement tous les continents. <\/em><em>Chaque ann\u00e9e, il perd ses bois, puis les refait toujours plus beaux. Tout renait, tout reprend vie.<\/em><\/p><p style=\"font-weight: 400;\"><em>Christophe Curien, lui aussi met en \u00e9vidence que la nature n\u2019est qu\u2019une perp\u00e9tuelle r\u00e9surrection et lui accorde des propri\u00e9t\u00e9s aussi merveilleuses qu\u2019imaginaires.<\/em><\/p>\t\t\t\t\t\t\t\t<\/div>\n\t\t\t\t<\/div>\n\t\t\t\t<\/div>\n\t\t\t\t\t<\/div>\n\t\t\t\t<\/div>\n\t\t<div class=\"elementor-element elementor-element-a11af59 e-flex e-con-boxed e-con e-parent\" data-id=\"a11af59\" data-element_type=\"container\" data-e-type=\"container\">\n\t\t\t\t\t<div class=\"e-con-inner\">\n\t\t\t\t<div class=\"elementor-element elementor-element-3e56254 elementor-widget elementor-widget-heading\" data-id=\"3e56254\" data-element_type=\"widget\" data-e-type=\"widget\" data-widget_type=\"heading.default\">\n\t\t\t\t<div class=\"elementor-widget-container\">\n\t\t\t\t\t<h2 class=\"elementor-heading-title elementor-size-default\">2025<\/h2>\t\t\t\t<\/div>\n\t\t\t\t<\/div>\n\t\t\t\t\t<\/div>\n\t\t\t\t<\/div>\n\t\t<div class=\"elementor-element elementor-element-9659cbf e-flex e-con-boxed e-con e-parent\" data-id=\"9659cbf\" data-element_type=\"container\" data-e-type=\"container\">\n\t\t\t\t\t<div class=\"e-con-inner\">\n\t\t<div class=\"elementor-element elementor-element-0feddb9 e-con-full e-flex e-con e-child\" data-id=\"0feddb9\" data-element_type=\"container\" data-e-type=\"container\">\n\t\t\t\t<div class=\"elementor-element elementor-element-713809e elementor-widget__width-initial elementor-widget elementor-widget-image\" data-id=\"713809e\" data-element_type=\"widget\" data-e-type=\"widget\" data-widget_type=\"image.default\">\n\t\t\t\t<div class=\"elementor-widget-container\">\n\t\t\t\t\t\t\t\t\t\t\t\t\t\t\t<img decoding=\"async\" width=\"727\" height=\"1024\" src=\"https:\/\/letrigram.com\/wp-content\/uploads\/2025\/11\/A6-Flyer-Florence-Brodard-2-727x1024.jpg\" class=\"attachment-large size-large wp-image-1118\" alt=\"\" srcset=\"https:\/\/letrigram.com\/wp-content\/uploads\/2025\/11\/A6-Flyer-Florence-Brodard-2-727x1024.jpg 727w, https:\/\/letrigram.com\/wp-content\/uploads\/2025\/11\/A6-Flyer-Florence-Brodard-2-213x300.jpg 213w, https:\/\/letrigram.com\/wp-content\/uploads\/2025\/11\/A6-Flyer-Florence-Brodard-2-768x1082.jpg 768w, https:\/\/letrigram.com\/wp-content\/uploads\/2025\/11\/A6-Flyer-Florence-Brodard-2-1090x1536.jpg 1090w, https:\/\/letrigram.com\/wp-content\/uploads\/2025\/11\/A6-Flyer-Florence-Brodard-2.jpg 1228w\" sizes=\"(max-width: 727px) 100vw, 727px\" \/>\t\t\t\t\t\t\t\t\t\t\t\t\t\t\t<\/div>\n\t\t\t\t<\/div>\n\t\t\t\t<\/div>\n\t\t<div class=\"elementor-element elementor-element-7a728f4 e-con-full e-flex e-con e-child\" data-id=\"7a728f4\" data-element_type=\"container\" data-e-type=\"container\">\n\t\t\t\t<div class=\"elementor-element elementor-element-24203aa elementor-widget elementor-widget-text-editor\" data-id=\"24203aa\" data-element_type=\"widget\" data-e-type=\"widget\" data-widget_type=\"text-editor.default\">\n\t\t\t\t<div class=\"elementor-widget-container\">\n\t\t\t\t\t\t\t\t\t<p style=\"font-weight: 400;\">Pour cl\u00f4turer cette troisi\u00e8me saison d\u2019expositions de la galerie, nous r\u00e9invitons l\u2019artiste plasticienne <strong>Florence Brodard<\/strong>qui avait inaugur\u00e9 en mars 2023 l\u2019ouverture de la galerie dans une exposition intitul\u00e9e <strong><em>\u2018formes inattendues\u2019.<\/em><\/strong><\/p><p style=\"font-weight: 400;\">Un travail instinctif faisant appel aux multiples media : Craie Grasse, stylo feutre, et textile<\/p><p style=\"font-weight: 400;\">A la d\u00e9couverte de ses nouvelles cr\u00e9ations faites de formes inattendues et color\u00e9es ainsi que d\u2019une s\u00e9rie de collages g\u00e9om\u00e9triques.<\/p><p style=\"font-weight: 400;\">Longtemps active dans le monde de la mode,\u00a0Florence Brodard\u00a0s\u2019est tourn\u00e9e, depuis quelques ann\u00e9es, vers la cr\u00e9ation plastique. Tout d\u2019abord avec des grands dessins au pastel gras sur papier, peupl\u00e9s de cr\u00e9atures incertaines dont les formes amibo\u00efdes d\u00e9jouent toute tentative de fixation d\u2019une \u00e9chelle\u00a0: microcosme ou macrocosme ? Ce sont les reflets sp\u00e9culaires d\u2019un univers ancr\u00e9 dans l\u2019inconscient, des incarnations graphiques d\u2019un lent processus d\u2019\u00e9mergence instinctive de formes probablement refoul\u00e9es. M\u00eame si la d\u00e9marche en est radicalement diff\u00e9rente, profond\u00e9ment individuelle \u2013 individualiste, m\u00eame \u2013 ces dessins peuvent faire penser aux cadavres exquis des surr\u00e9alistes. Le r\u00e9sultat, loin de toute grandiloquence ou de tout drame, est \u00e0 la fois spontan\u00e9 et m\u00fbri, na\u00eff et expressif, gai et d\u00e9rangeant\u2026 Plus r\u00e9cemment, Florence Brodard a abord\u00e9 la troisi\u00e8me dimension avec des formes sculpt\u00e9es tricot\u00e9es, dont certaines peuvent \u00eatre de tr\u00e8s grandes dimensions. Dans ces pi\u00e8ces, elle privil\u00e9gie des formes simples, color\u00e9es, souvent dot\u00e9es d\u2019un ou plusieurs axes de sym\u00e9trie. La plupart sont creuses et se comportent comme des v\u00eatements improbables pour des \u00eatres n\u00e9s de son imagination. Leur aspect est monstrueux mais leur traitement color\u00e9, loin de susciter la frayeur, engendre de l\u2019empathie chez leur observateur. Lequel est incit\u00e9 \u00e0 se projeter dans leur int\u00e9rieur pour en faire sa demeure, provisoire ou d\u00e9finitive, \u00e0 l\u2019abri de la fureur du monde. On peut, bien entendu, penser au monde de l\u2019enfance et \u00e0 ses jouets mais c\u2019est aussi, plus certainement, \u00e0 un stade pr\u00e9natal, f\u0153tal que ces \u0153uvres nous renvoient.<\/p><p style=\"font-weight: 400;\"><strong><em>Louis Doucet<\/em><\/strong><\/p>\t\t\t\t\t\t\t\t<\/div>\n\t\t\t\t<\/div>\n\t\t\t\t<\/div>\n\t\t\t\t\t<\/div>\n\t\t\t\t<\/div>\n\t\t<div class=\"elementor-element elementor-element-aa29512 e-flex e-con-boxed e-con e-parent\" data-id=\"aa29512\" data-element_type=\"container\" data-e-type=\"container\">\n\t\t\t\t\t<div class=\"e-con-inner\">\n\t\t<div class=\"elementor-element elementor-element-e32839b e-con-full e-flex e-con e-child\" data-id=\"e32839b\" data-element_type=\"container\" data-e-type=\"container\">\n\t\t\t\t<div class=\"elementor-element elementor-element-db1f73c elementor-widget__width-initial elementor-widget elementor-widget-image\" data-id=\"db1f73c\" data-element_type=\"widget\" data-e-type=\"widget\" data-widget_type=\"image.default\">\n\t\t\t\t<div class=\"elementor-widget-container\">\n\t\t\t\t\t\t\t\t\t\t\t\t\t\t\t<img decoding=\"async\" width=\"727\" height=\"1024\" src=\"https:\/\/letrigram.com\/wp-content\/uploads\/2025\/10\/A6-FLYER-Aline-Isoard-727x1024.jpg\" class=\"attachment-large size-large wp-image-1103\" alt=\"\" srcset=\"https:\/\/letrigram.com\/wp-content\/uploads\/2025\/10\/A6-FLYER-Aline-Isoard-727x1024.jpg 727w, https:\/\/letrigram.com\/wp-content\/uploads\/2025\/10\/A6-FLYER-Aline-Isoard-213x300.jpg 213w, https:\/\/letrigram.com\/wp-content\/uploads\/2025\/10\/A6-FLYER-Aline-Isoard-768x1082.jpg 768w, https:\/\/letrigram.com\/wp-content\/uploads\/2025\/10\/A6-FLYER-Aline-Isoard-1090x1536.jpg 1090w, https:\/\/letrigram.com\/wp-content\/uploads\/2025\/10\/A6-FLYER-Aline-Isoard.jpg 1240w\" sizes=\"(max-width: 727px) 100vw, 727px\" \/>\t\t\t\t\t\t\t\t\t\t\t\t\t\t\t<\/div>\n\t\t\t\t<\/div>\n\t\t\t\t<\/div>\n\t\t<div class=\"elementor-element elementor-element-de16a74 e-con-full e-flex e-con e-child\" data-id=\"de16a74\" data-element_type=\"container\" data-e-type=\"container\">\n\t\t\t\t<div class=\"elementor-element elementor-element-b29c979 elementor-widget elementor-widget-text-editor\" data-id=\"b29c979\" data-element_type=\"widget\" data-e-type=\"widget\" data-widget_type=\"text-editor.default\">\n\t\t\t\t<div class=\"elementor-widget-container\">\n\t\t\t\t\t\t\t\t\t<p style=\"font-weight: 400;\">Dans le cadre d&#8217;une quinzaine de la photo, la galerie pr\u00e9sente les travaux photographiques de la photographe plasticienne Aline Isoard.<\/p><p style=\"font-weight: 400;\">Depuis une quinzaine d\u2019ann\u00e9es, l\u2019habitacle des v\u00e9hicules est devenu son studio mobile et \u00a0transparent d\u2019o\u00f9 elle photographie \u00e0 la vol\u00e9e des ambiances, des reflets, des perspectives,r\u00e9v\u00e9lant les formes et les couleurs cr\u00e9\u00e9es par les lieux travers\u00e9s.<\/p><p style=\"font-weight: 400;\">Parmi les photographies qu\u2019elle prend depuis la place du passager en voiture, elle s\u00e9lectionne des images qui sugg\u00e8rent un trajet du silence de la campagne aux bruits de la ville. Au-del\u00e0 des vitres et du pare-brise, les paysages accueillent, les ponts cadrent. Bien que familiers et ordinaires, ces instants photographiques s\u2019ouvrent \u00e0 l\u2019imaginaire de chacun et jouent \u00e0 cache-cache avec les \u00e9motions.<\/p><p style=\"font-weight: 400;\">Apr\u00e8s s\u00e9lection et impression de l\u2019image, son intervention de plasticienne commence. Elle travaille directement sur le papier photo sans trucages, ni collages num\u00e9riques pr\u00e9alables, ni ajouts de mati\u00e8re. Le processus qu\u2019elle appelle d\u00e9-pigmentation photographique consiste \u00e0 soustraire l\u2019encre pigmentaire de l\u2019image photographi\u00e9e. Le geste devient solitaire et lent. Alors la photographie se transforme en pi\u00e8ce unique o\u00f9 l\u2019\u0153il peine \u00e0 s\u00e9parer l\u2019image donn\u00e9e de l\u2019image transform\u00e9e picturale.<\/p>\t\t\t\t\t\t\t\t<\/div>\n\t\t\t\t<\/div>\n\t\t\t\t<\/div>\n\t\t\t\t\t<\/div>\n\t\t\t\t<\/div>\n\t\t<div class=\"elementor-element elementor-element-545dc19 e-flex e-con-boxed e-con e-parent\" data-id=\"545dc19\" data-element_type=\"container\" data-e-type=\"container\">\n\t\t\t\t\t<div class=\"e-con-inner\">\n\t\t<div class=\"elementor-element elementor-element-3a35e82 e-con-full e-flex e-con e-child\" data-id=\"3a35e82\" data-element_type=\"container\" data-e-type=\"container\">\n\t\t\t\t<div class=\"elementor-element elementor-element-19f0d8d elementor-widget__width-initial elementor-widget elementor-widget-image\" data-id=\"19f0d8d\" data-element_type=\"widget\" data-e-type=\"widget\" data-widget_type=\"image.default\">\n\t\t\t\t<div class=\"elementor-widget-container\">\n\t\t\t\t\t\t\t\t\t\t\t\t\t\t\t<img loading=\"lazy\" decoding=\"async\" width=\"727\" height=\"1024\" src=\"https:\/\/letrigram.com\/wp-content\/uploads\/2025\/09\/A6-AFFICHE-Christophe-Horlain_2-727x1024.jpg\" class=\"attachment-large size-large wp-image-1092\" alt=\"\" srcset=\"https:\/\/letrigram.com\/wp-content\/uploads\/2025\/09\/A6-AFFICHE-Christophe-Horlain_2-727x1024.jpg 727w, https:\/\/letrigram.com\/wp-content\/uploads\/2025\/09\/A6-AFFICHE-Christophe-Horlain_2-213x300.jpg 213w, https:\/\/letrigram.com\/wp-content\/uploads\/2025\/09\/A6-AFFICHE-Christophe-Horlain_2-768x1082.jpg 768w, https:\/\/letrigram.com\/wp-content\/uploads\/2025\/09\/A6-AFFICHE-Christophe-Horlain_2-1090x1536.jpg 1090w, https:\/\/letrigram.com\/wp-content\/uploads\/2025\/09\/A6-AFFICHE-Christophe-Horlain_2-1454x2048.jpg 1454w, https:\/\/letrigram.com\/wp-content\/uploads\/2025\/09\/A6-AFFICHE-Christophe-Horlain_2-scaled.jpg 1817w\" sizes=\"(max-width: 727px) 100vw, 727px\" \/>\t\t\t\t\t\t\t\t\t\t\t\t\t\t\t<\/div>\n\t\t\t\t<\/div>\n\t\t\t\t<\/div>\n\t\t<div class=\"elementor-element elementor-element-a89db39 e-con-full e-flex e-con e-child\" data-id=\"a89db39\" data-element_type=\"container\" data-e-type=\"container\">\n\t\t\t\t<div class=\"elementor-element elementor-element-e42a74f elementor-widget__width-initial elementor-widget elementor-widget-text-editor\" data-id=\"e42a74f\" data-element_type=\"widget\" data-e-type=\"widget\" data-widget_type=\"text-editor.default\">\n\t\t\t\t<div class=\"elementor-widget-container\">\n\t\t\t\t\t\t\t\t\t<p style=\"font-weight: 400;\">Dans les \u0153uvres pr\u00e9sent\u00e9es dans cette exposition, l\u2019artiste porte un int\u00e9r\u00eat \u00e0 l\u2019histoire des civilisations et plus particuli\u00e8rement \u00e0 ses modes urbains de construction et de circulation. Ce pourquoi il nous propose une immersion arch\u00e9ologique en 2D et 3D des vestiges de notre monde contemporain du XXI <sup>iem<\/sup> si\u00e8cle.<\/p><p style=\"font-weight: 400;\">S\u2019inspirant des cartes routi\u00e8res, plans de villes, GPS et autres MAP, il nous donne \u00e0 les regarder sous un angle a\u00e9rien, ce qui nous permet de voir ce maillage territorial et la cartographie de ces ramifications et de constater que l\u2019ensemble de la cro\u00fbte terrestre est quadrill\u00e9, d\u00e9coup\u00e9 laissant peu de place aux espaces vides.<\/p><p style=\"font-weight: 400;\">L\u2019artiste s\u2019inspire des territoires historiques tels que le site d\u2019Angkor, Pomp\u00e9i, la perse antique\u00a0\u2026Qu\u2019ils soient sur pied ou ne restant que les empreintes des trac\u00e9s architecturaux, ces vestiges de constructions civilisationnelles d\u2019une \u00e9poque pass\u00e9e sont red\u00e9couverts par des arch\u00e9ologues.<\/p><p style=\"font-weight: 400;\">Aujourd\u2019hui l\u2019artiste nous propose des cr\u00e9ations transposant l\u2019histoire au pr\u00e9sent par des r\u00e9alisations intitul\u00e9es : Urbanographies, Magma, \u00c9piderme, Secondaire. Christophe Horlain questionne ici notre empreinte urbaine tel un tentacule se d\u00e9pla\u00e7ant sur des territoires \u00e0 forte population. Il nous interroge sur l\u2019impact \u00e9cologique et l\u2019appropriation de notre bien commun.<\/p>\t\t\t\t\t\t\t\t<\/div>\n\t\t\t\t<\/div>\n\t\t\t\t<\/div>\n\t\t\t\t\t<\/div>\n\t\t\t\t<\/div>\n\t\t<div class=\"elementor-element elementor-element-02ea845 e-flex e-con-boxed e-con e-parent\" data-id=\"02ea845\" data-element_type=\"container\" data-e-type=\"container\">\n\t\t\t\t\t<div class=\"e-con-inner\">\n\t\t<div class=\"elementor-element elementor-element-bd28db9 e-con-full e-flex e-con e-child\" data-id=\"bd28db9\" data-element_type=\"container\" data-e-type=\"container\">\n\t\t\t\t<div class=\"elementor-element elementor-element-cf81e9f elementor-widget elementor-widget-image\" data-id=\"cf81e9f\" data-element_type=\"widget\" data-e-type=\"widget\" data-widget_type=\"image.default\">\n\t\t\t\t<div class=\"elementor-widget-container\">\n\t\t\t\t\t\t\t\t\t\t\t\t\t\t\t<img loading=\"lazy\" decoding=\"async\" width=\"727\" height=\"1024\" src=\"https:\/\/letrigram.com\/wp-content\/uploads\/2025\/08\/A6-FLYER-Joelle-Bondil-2-727x1024.jpg\" class=\"attachment-large size-large wp-image-1069\" alt=\"\" srcset=\"https:\/\/letrigram.com\/wp-content\/uploads\/2025\/08\/A6-FLYER-Joelle-Bondil-2-727x1024.jpg 727w, https:\/\/letrigram.com\/wp-content\/uploads\/2025\/08\/A6-FLYER-Joelle-Bondil-2-213x300.jpg 213w, https:\/\/letrigram.com\/wp-content\/uploads\/2025\/08\/A6-FLYER-Joelle-Bondil-2-768x1082.jpg 768w, https:\/\/letrigram.com\/wp-content\/uploads\/2025\/08\/A6-FLYER-Joelle-Bondil-2-1090x1536.jpg 1090w, https:\/\/letrigram.com\/wp-content\/uploads\/2025\/08\/A6-FLYER-Joelle-Bondil-2.jpg 1240w\" sizes=\"(max-width: 727px) 100vw, 727px\" \/>\t\t\t\t\t\t\t\t\t\t\t\t\t\t\t<\/div>\n\t\t\t\t<\/div>\n\t\t\t\t<\/div>\n\t\t<div class=\"elementor-element elementor-element-e47693f e-con-full e-flex e-con e-child\" data-id=\"e47693f\" data-element_type=\"container\" data-e-type=\"container\">\n\t\t\t\t<div class=\"elementor-element elementor-element-433a470 elementor-widget elementor-widget-text-editor\" data-id=\"433a470\" data-element_type=\"widget\" data-e-type=\"widget\" data-widget_type=\"text-editor.default\">\n\t\t\t\t<div class=\"elementor-widget-container\">\n\t\t\t\t\t\t\t\t\t<p style=\"font-weight: 400;\">J\u2019ai longtemps pratiqu\u00e9 la sc\u00e9nographie comme un art, qualifi\u00e9e parfois de \u00ab\u00a0sc\u00e9nographe pensante\u00a0\u00bb. Ce fut de longues ann\u00e9es de travail, de rencontres, de recherches, d\u2019essais et de cr\u00e9ations (th\u00e9\u00e2tre r\u00e9pertoire moderne et contemporain essentiellement). J\u2019ai ainsi dialogu\u00e9 avec l\u2019espace, la perception (et la confusion complice), l\u2019\u00e9chelle, le sens, le texte (les mots), la lumi\u00e8re, le son, les corps, le mouvement, la mati\u00e8re, la surface, la profondeur, la m\u00e9moire, \u0153uvrant en \u00e9cho avec le cin\u00e9ma, les arts plastiques, l\u2019architecture, la litt\u00e9rature autant qu\u2019avec la sociologie, l\u2019histoire, la philosophie et les relations humaines\u2026<\/p><p style=\"font-weight: 400;\">Depuis quelques ann\u00e9es, riche de ce parcours j\u2019ai choisi de privil\u00e9gier une pratique de plasticienne. Mon espace de cr\u00e9ation a tr\u00e8s sensiblement chang\u00e9 d\u2019\u00e9chelle. Mais du plus vaste au plus petit avec toutes les dimensions interm\u00e9diaires, en y ajoutant cette discr\u00e9tion qui m\u2019a toujours habit\u00e9e, je cherche, j\u2019\u00e9labore des s\u00e9ries o\u00f9 la force, la profondeur et le mouvement\/fr\u00e9missement pourraient peut-\u00eatre se r\u00e9v\u00e9ler.<\/p><p style=\"font-weight: 400;\">Par le dessin, le volume, le dessin d\u2019espace, le textile, le pigment, la cire, l\u2019encre, la c\u00e9ramique, le fil \u2026quel que soit le domaine, le m\u00e9dium, le geste, les r\u00e9f\u00e9rences, je d\u00e9ploie une sorte de travers\u00e9e d\u2019exp\u00e9riences, de tentatives, d\u2019essais, de r\u00e9alisations, d\u2019\u00e9chos. Travers\u00e9e qui est de l\u2019ordre du sensible tout autant que de celui de la pens\u00e9e et parfois de l\u2019hommage.<\/p><p style=\"font-weight: 400;\"><strong><em>Jo\u00eblle Bondil <\/em><\/strong><\/p>\t\t\t\t\t\t\t\t<\/div>\n\t\t\t\t<\/div>\n\t\t\t\t<\/div>\n\t\t\t\t\t<\/div>\n\t\t\t\t<\/div>\n\t\t<div class=\"elementor-element elementor-element-d3909f4 e-flex e-con-boxed e-con e-parent\" data-id=\"d3909f4\" data-element_type=\"container\" data-e-type=\"container\">\n\t\t\t\t\t<div class=\"e-con-inner\">\n\t\t<div class=\"elementor-element elementor-element-0448dfa e-con-full e-flex e-con e-child\" data-id=\"0448dfa\" data-element_type=\"container\" data-e-type=\"container\">\n\t\t\t\t<div class=\"elementor-element elementor-element-4464c34 elementor-widget__width-initial elementor-widget elementor-widget-image\" data-id=\"4464c34\" data-element_type=\"widget\" data-e-type=\"widget\" data-widget_type=\"image.default\">\n\t\t\t\t<div class=\"elementor-widget-container\">\n\t\t\t\t\t\t\t\t\t\t\t\t\t\t\t<img loading=\"lazy\" decoding=\"async\" width=\"727\" height=\"1024\" src=\"https:\/\/letrigram.com\/wp-content\/uploads\/2025\/05\/A6-FLYER-MULUPAM-727x1024.jpg\" class=\"attachment-large size-large wp-image-1033\" alt=\"\" srcset=\"https:\/\/letrigram.com\/wp-content\/uploads\/2025\/05\/A6-FLYER-MULUPAM-727x1024.jpg 727w, https:\/\/letrigram.com\/wp-content\/uploads\/2025\/05\/A6-FLYER-MULUPAM-213x300.jpg 213w, https:\/\/letrigram.com\/wp-content\/uploads\/2025\/05\/A6-FLYER-MULUPAM-768x1082.jpg 768w, https:\/\/letrigram.com\/wp-content\/uploads\/2025\/05\/A6-FLYER-MULUPAM-1090x1536.jpg 1090w, https:\/\/letrigram.com\/wp-content\/uploads\/2025\/05\/A6-FLYER-MULUPAM-1454x2048.jpg 1454w, https:\/\/letrigram.com\/wp-content\/uploads\/2025\/05\/A6-FLYER-MULUPAM-scaled.jpg 1817w\" sizes=\"(max-width: 727px) 100vw, 727px\" \/>\t\t\t\t\t\t\t\t\t\t\t\t\t\t\t<\/div>\n\t\t\t\t<\/div>\n\t\t\t\t<\/div>\n\t\t<div class=\"elementor-element elementor-element-21b277c e-con-full e-flex e-con e-child\" data-id=\"21b277c\" data-element_type=\"container\" data-e-type=\"container\">\n\t\t\t\t<div class=\"elementor-element elementor-element-d855e31 elementor-widget elementor-widget-text-editor\" data-id=\"d855e31\" data-element_type=\"widget\" data-e-type=\"widget\" data-widget_type=\"text-editor.default\">\n\t\t\t\t<div class=\"elementor-widget-container\">\n\t\t\t\t\t\t\t\t\t<div><p class=\"Standard\">\u00ab <i>Qu\u2019est-ce tu deviens <\/i>? \u00bb Le philosophe Gilles Deleuze trouvait cette question stupide, car, disait-il, \u00e0 mesure que quelqu\u2019un devient, ce qu\u2019il devient change autant que lui-m\u00eame&#8230; De ce point de vue, le collectif artistique Mulupam cr\u00e9e en 2009, n\u2019est ni une addition, ni une synth\u00e8se, ni une assimilation mais une \u0153uvre ininterrompue et renouvel\u00e9e pour cr\u00e9er un monde distinct qui pousse <i>entre <\/i>trois sensibilit\u00e9s singuli\u00e8res. A cette interrogation famili\u00e8re sur notre identit\u00e9, les artistes apportent une r\u00e9ponse vivante par l\u2019agencement d\u2019un multiple d\u2019images et par l\u2019hybridation de leurs savoirs faire. Comme si elles formaient un \u00e9loge de l\u2019amour o\u00f9 toute une exp\u00e9rience du monde se ferait moins \u00e0 partir de leurs identit\u00e9s que sur la base de leurs diff\u00e9rences. Les artistes font ici des offres personnelles qui circulent de l\u2019une \u00e0 l\u2019autre dans le jeu de leurs proximit\u00e9s. Elles nous montrent des \u00e9carts et des chocs comme elles insistent sur la perm\u00e9abilit\u00e9 de leurs fronti\u00e8res int\u00e9rieures dans une \u00e9tonnante cartographie du d\u00e9sir.<\/p><p class=\"Standard\"><b>Muriel Carpentier<\/b> est observatrice des m\u00e9tamorphoses des objets et des gens, plasticienne des corps et des sons. Elle sc\u00e9nographie les temps de l\u2019intime. <b>Lucile Hoffmann<\/b> est une conteuse des fragments de vie, des situations et des signaux faibles de notre pr\u00e9sence au monde. <b>Pam\u00e9la Dorival<\/b> est orf\u00e8vre et assembleuse de mati\u00e8re brute dans les agencements fins d\u2019objets et de lumi\u00e8res.<\/p><\/div><div>\u00a0<\/div><div><p class=\"Paragraphestandard\">Les trois plasticiennes, seules et ensemble, offrent des propositions h\u00e9t\u00e9rog\u00e8nes mais qui font corps dans une chor\u00e9graphie fragile. Leur travail montre beaucoup de confiance mutuelle dans le hasard des vibrations du dessin, des divisions des couleurs, des distensions des formes et des captures du mouvement. <b><\/b><\/p><\/div><div><p>Les fronti\u00e8res sont ind\u00e9cises entre le familier et l\u2019\u00e9trange, l\u2019ordinaire et le r\u00eav\u00e9. Bienvenue dans le catalogue baroque des troubles sensoriels, des passages furtifs vers les fantasmes et des voiles pos\u00e9s sur nos parts obscures qui se d\u00e9robent sous les lumi\u00e8res, les encres et la mine de plomb&#8230;<\/p><\/div><div><p><b><i>Christian Sozzi I Galerie B+ Lyon Juin 2018 <\/i><\/b><\/p><\/div>\t\t\t\t\t\t\t\t<\/div>\n\t\t\t\t<\/div>\n\t\t\t\t<\/div>\n\t\t\t\t\t<\/div>\n\t\t\t\t<\/div>\n\t\t<div class=\"elementor-element elementor-element-d169e7d e-flex e-con-boxed e-con e-parent\" data-id=\"d169e7d\" data-element_type=\"container\" data-e-type=\"container\">\n\t\t\t\t\t<div class=\"e-con-inner\">\n\t\t<div class=\"elementor-element elementor-element-85cc523 e-con-full e-flex e-con e-child\" data-id=\"85cc523\" data-element_type=\"container\" data-e-type=\"container\">\n\t\t\t\t<div class=\"elementor-element elementor-element-b9920db elementor-widget__width-initial elementor-widget elementor-widget-image\" data-id=\"b9920db\" data-element_type=\"widget\" data-e-type=\"widget\" data-widget_type=\"image.default\">\n\t\t\t\t<div class=\"elementor-widget-container\">\n\t\t\t\t\t\t\t\t\t\t\t\t\t\t\t<img loading=\"lazy\" decoding=\"async\" width=\"727\" height=\"1024\" src=\"https:\/\/letrigram.com\/wp-content\/uploads\/2025\/03\/A6-FLYER-Christophe-PRADAL-727x1024.jpg\" class=\"attachment-large size-large wp-image-1003\" alt=\"\" srcset=\"https:\/\/letrigram.com\/wp-content\/uploads\/2025\/03\/A6-FLYER-Christophe-PRADAL-727x1024.jpg 727w, https:\/\/letrigram.com\/wp-content\/uploads\/2025\/03\/A6-FLYER-Christophe-PRADAL-213x300.jpg 213w, https:\/\/letrigram.com\/wp-content\/uploads\/2025\/03\/A6-FLYER-Christophe-PRADAL-768x1082.jpg 768w, https:\/\/letrigram.com\/wp-content\/uploads\/2025\/03\/A6-FLYER-Christophe-PRADAL-1090x1536.jpg 1090w, https:\/\/letrigram.com\/wp-content\/uploads\/2025\/03\/A6-FLYER-Christophe-PRADAL.jpg 1240w\" sizes=\"(max-width: 727px) 100vw, 727px\" \/>\t\t\t\t\t\t\t\t\t\t\t\t\t\t\t<\/div>\n\t\t\t\t<\/div>\n\t\t\t\t<\/div>\n\t\t<div class=\"elementor-element elementor-element-c4c895d e-con-full e-flex e-con e-child\" data-id=\"c4c895d\" data-element_type=\"container\" data-e-type=\"container\">\n\t\t\t\t<div class=\"elementor-element elementor-element-b14b7eb elementor-widget elementor-widget-text-editor\" data-id=\"b14b7eb\" data-element_type=\"widget\" data-e-type=\"widget\" data-widget_type=\"text-editor.default\">\n\t\t\t\t<div class=\"elementor-widget-container\">\n\t\t\t\t\t\t\t\t\t<p class=\"Standard\">Quand Christophe Pradal d\u00e9crit son \u0153uvre graphique comme figurative, il peut surprendre. Lui qui fut justement un peintre de l\u2019hyper-figuration \u00e0 sa sortie de l\u2019Acad\u00e9mie de Port-Royal, identifie certes une r\u00e9volution dans sa production en 2004 qui l\u2019am\u00e8ne vers les arts graphiques, mais n\u2019y voit pas pour autant un glissement vers l\u2019abstraction. Il ne se con\u00e7oit pas comme un artiste abstrait (\u00ab l\u2019abstraction achev\u00e9e, c\u2019est une id\u00e9e, plus de l\u2019art \u00bb), ni conceptuel (\u00ab c\u2019est comme la danse, quand on se met \u00e0 r\u00e9fl\u00e9chir, c\u2019est foutu \u00bb), ni contemporain (il se dit plus volontiers moderne). Plut\u00f4t que de gloser sur ses \u0153uvres, il pr\u00e9f\u00e8re \u00e9voquer les souvenirs vivaces de leur cr\u00e9ation. Or il cr\u00e9e dans l\u2019inconfort. Fuyant la paraphrase et les r\u00e9flexes conditionn\u00e9s, il fait r\u00e9guli\u00e8rement table rase pour r\u00e9inventer son \u00e9criture. Nouveaux supports, nouveaux outils. S\u2019il approfondit quelque chose avec le temps, c\u2019est moins une technique pr\u00e9cise (\u00ab elles s\u2019apprennent vite \u00bb) qu\u2019une gymnastique spirituelle : le l\u00e2cher prise. Dans un tel \u00e9tat de recherche, il produit beaucoup, vite, trie, \u00e9limine : en r\u00e9sulte accessoirement une \u00ab s\u00e9rie \u00bb. Les supports parfois les moins nobles (fonds de cagettes, papier journal) sont l\u2019objet d\u2019exp\u00e9rimentations sur leur interaction avec divers outils (pastel, encre, acrylique), leur perm\u00e9abilit\u00e9, leur degr\u00e9 d\u2019absorption. C\u2019est sur le mode de l\u2019accident que surgit alors l\u2019\u00e9quilibre de l\u2019\u0153uvre, qui prend indiff\u00e9remment le nom de myst\u00e8re, instant, \u00e9motion, surprise. Cette part inconvocable, impossible \u00e0 circonscrire dans une technique balis\u00e9e : le mariage miraculeux et inattendu, en couleurs et en lignes, d\u2019un support et d\u2019un outil. La beaut\u00e9 de l\u2019\u0153uvre de Christophe Pradal est paradoxale. Sentiment m\u00eal\u00e9 d\u2019une simplicit\u00e9 extr\u00eame et d\u2019une structuration savante invisible. Alliage \u00e9tonnant de la l\u00e9g\u00e8ret\u00e9 a\u00e9rienne d\u2019un Calder et d\u2019une mat\u00e9rialit\u00e9 \u00e9paisse, opaque (il cite volontiers Eug\u00e8ne Leroy et Bonnard, peintres de la mati\u00e8re et de l\u2019enfouissement). Graphisme et peinture. Car les deux dimensions du graphisme s\u2019adossent \u00e0 une mati\u00e8re qui les cimente, les absorbe, et ouvre au spectateur une profondeur troubalnte, des espaces. Et quand il nous invite lui-m\u00eame \u00e0 nous y projeter, \u00e0 y d\u00e9ployer une possible troisi\u00e8me dimension, \u00e0 laisser libre cours \u00e0 notre imagination, on comprend : son \u0153uvre est figurative.<\/p><p class=\"Standard\">Paul Calori<\/p>\t\t\t\t\t\t\t\t<\/div>\n\t\t\t\t<\/div>\n\t\t\t\t<\/div>\n\t\t\t\t\t<\/div>\n\t\t\t\t<\/div>\n\t\t<div class=\"elementor-element elementor-element-a7909e5 e-con-full e-flex e-con e-parent\" data-id=\"a7909e5\" data-element_type=\"container\" data-e-type=\"container\">\n\t\t<div class=\"elementor-element elementor-element-a558e83 e-con-full e-flex e-con e-child\" data-id=\"a558e83\" data-element_type=\"container\" data-e-type=\"container\">\n\t\t\t\t<div class=\"elementor-element elementor-element-78a7fb6 elementor-widget elementor-widget-image\" data-id=\"78a7fb6\" data-element_type=\"widget\" data-e-type=\"widget\" data-widget_type=\"image.default\">\n\t\t\t\t<div class=\"elementor-widget-container\">\n\t\t\t\t\t\t\t\t\t\t\t\t\t\t\t<img loading=\"lazy\" decoding=\"async\" width=\"727\" height=\"1024\" src=\"https:\/\/letrigram.com\/wp-content\/uploads\/2025\/02\/A6-FLYER-Philippe-CALANDRE-727x1024.jpg\" class=\"attachment-large size-large wp-image-977\" alt=\"\" srcset=\"https:\/\/letrigram.com\/wp-content\/uploads\/2025\/02\/A6-FLYER-Philippe-CALANDRE-727x1024.jpg 727w, https:\/\/letrigram.com\/wp-content\/uploads\/2025\/02\/A6-FLYER-Philippe-CALANDRE-213x300.jpg 213w, https:\/\/letrigram.com\/wp-content\/uploads\/2025\/02\/A6-FLYER-Philippe-CALANDRE-768x1082.jpg 768w, https:\/\/letrigram.com\/wp-content\/uploads\/2025\/02\/A6-FLYER-Philippe-CALANDRE-1090x1536.jpg 1090w, https:\/\/letrigram.com\/wp-content\/uploads\/2025\/02\/A6-FLYER-Philippe-CALANDRE.jpg 1240w\" sizes=\"(max-width: 727px) 100vw, 727px\" \/>\t\t\t\t\t\t\t\t\t\t\t\t\t\t\t<\/div>\n\t\t\t\t<\/div>\n\t\t\t\t<\/div>\n\t\t<div class=\"elementor-element elementor-element-3282016 e-con-full e-flex e-con e-child\" data-id=\"3282016\" data-element_type=\"container\" data-e-type=\"container\">\n\t\t\t\t<div class=\"elementor-element elementor-element-b4c3d78 elementor-widget elementor-widget-text-editor\" data-id=\"b4c3d78\" data-element_type=\"widget\" data-e-type=\"widget\" data-widget_type=\"text-editor.default\">\n\t\t\t\t<div class=\"elementor-widget-container\">\n\t\t\t\t\t\t\t\t\t<div><p>Depuis une dizaine d\u2019ann\u00e9es, le travail de Philippe Calandre s\u2019articule autour l\u2019architecture et plus r\u00e9cemment de l\u2019utopie. A partir de 2012, il utilise la technique du photomontage pour introduire de l\u2019imaginaire sur des sites r\u00e9els. La splendeur des paysages de Philippe Calandre tient \u00e0 un \u00e9quilibre subtil entre le pass\u00e9, le futur et le pr\u00e9sent. L\u2019utilisation du noir et blanc ou bien de couleurs estomp\u00e9es donne \u00e0 ses compositions une valeur a-temporelle. Le photographe nous transporte ainsi vers des contr\u00e9es ind\u00e9termin\u00e9es dans lesquelles nos r\u00eaves et notre inconscient peuvent se projeter.<\/p><\/div><div><p><strong>Mes recherches s\u2019articulent autour de la d\u00e9construction iconique, et de la question du pouvoir qu\u2019exerce l\u2019image photographique dans nos soci\u00e9t\u00e9s contemporaines.<\/strong><\/p><\/div><div><p>On dit qu\u2019 \u00ab Une photographie d\u00e9peint ce qu\u2019elle veut \u00bb, que son sens peut en \u00eatre corrompu et qu\u2019elle montre alors une chose et son contraire malgr\u00e9 son r\u00e9f\u00e9rent. D\u00e9construire l\u2019image documentaire est devenu un enjeu fondamental qui repousse les limites du cadre et de la narration. Ce questionnement pose les jalons d\u2019un bouleversement statutaire favoris\u00e9 par l\u2019av\u00e8nement de l\u2019\u00e8re num\u00e9rique.<\/p><\/div><div><p>J\u2019ai choisi l\u2019architecture industrielle comme th\u00e9\u00e2tre de monstration du fait de sa dualit\u00e9 avec le photomontage, par la juxtaposition et l\u2019organisation des volumes assembl\u00e9s en puzzle : silos, citernes, rampes, tapis roulant et fourneaux.<\/p><\/div><div><p>D\u00e9j\u00e0 r\u00e9v\u00e9l\u00e9e par Bernd et Hilla Becher cette typologie architecturale m\u2019a permis d\u2019appr\u00e9hender la libert\u00e9 des formes et volumes pos\u00e9s dans l\u2019espace.\u00a0<\/p><\/div><div><p>Une usine est un ensemble d\u2019accumulations de modules reli\u00e9s entre eux, avec l\u2019unique dessein de transformer la mati\u00e8re, pour en produire une autre.<\/p><\/div><div><p>Avec l\u2019\u00e9laboration de mes photomontages, je fabrique de vraies fausses photographies d\u2019architecture, je brouille les pistes de lecture et de perceptions, je prolonge la transformation de la mati\u00e8re et de l\u2019image en op\u00e9rant une inversion de processus ; l\u2019usine ne transforme plus, mais c\u2019est elle ici qui se transforme, et l\u2019image ne montre rien qui puisse \u00eatre l\u2019incarnation d\u2019une v\u00e9rit\u00e9 tautologique, puisque le sujet a disparu.<\/p><\/div><div><p>A l\u2019image du mode de conception industriel qui assemble un produit final \u00e0 partir d\u2019\u00e9l\u00e9ments fabriqu\u00e9s ou \u00e9labor\u00e9s aux quatre coins de la mondialisation, mes constructions, par leurs organisations spatiales, font \u00e9cho \u00e0 la po\u00e9sie de cette m\u00e9tamorphose contemporaine.<\/p><\/div><div><p><b><i>Philippe Calandre | 2020<\/i><\/b><\/p><\/div>\t\t\t\t\t\t\t\t<\/div>\n\t\t\t\t<\/div>\n\t\t\t\t<\/div>\n\t\t\t\t<\/div>\n\t\t<div class=\"elementor-element elementor-element-1dd6605 e-flex e-con-boxed e-con e-parent\" data-id=\"1dd6605\" data-element_type=\"container\" data-e-type=\"container\">\n\t\t\t\t\t<div class=\"e-con-inner\">\n\t\t\t\t<div class=\"elementor-element elementor-element-e05ae70 elementor-widget elementor-widget-heading\" data-id=\"e05ae70\" data-element_type=\"widget\" data-e-type=\"widget\" data-widget_type=\"heading.default\">\n\t\t\t\t<div class=\"elementor-widget-container\">\n\t\t\t\t\t<h2 class=\"elementor-heading-title elementor-size-default\">2024<\/h2>\t\t\t\t<\/div>\n\t\t\t\t<\/div>\n\t\t\t\t\t<\/div>\n\t\t\t\t<\/div>\n\t\t<div class=\"elementor-element elementor-element-14bc9de e-con-full e-flex e-con e-parent\" data-id=\"14bc9de\" data-element_type=\"container\" data-e-type=\"container\">\n\t\t<div class=\"elementor-element elementor-element-6bcf34b e-con-full e-flex e-con e-child\" data-id=\"6bcf34b\" data-element_type=\"container\" data-e-type=\"container\">\n\t\t\t\t<div class=\"elementor-element elementor-element-83479b5 elementor-widget__width-initial elementor-widget elementor-widget-image\" data-id=\"83479b5\" data-element_type=\"widget\" data-e-type=\"widget\" data-widget_type=\"image.default\">\n\t\t\t\t<div class=\"elementor-widget-container\">\n\t\t\t\t\t\t\t\t\t\t\t\t\t\t\t<img loading=\"lazy\" decoding=\"async\" width=\"727\" height=\"1024\" src=\"https:\/\/letrigram.com\/wp-content\/uploads\/2024\/12\/A6-AFFICHE-30x40-1-727x1024.jpg\" class=\"attachment-large size-large wp-image-799\" alt=\"\" srcset=\"https:\/\/letrigram.com\/wp-content\/uploads\/2024\/12\/A6-AFFICHE-30x40-1-727x1024.jpg 727w, https:\/\/letrigram.com\/wp-content\/uploads\/2024\/12\/A6-AFFICHE-30x40-1-213x300.jpg 213w, https:\/\/letrigram.com\/wp-content\/uploads\/2024\/12\/A6-AFFICHE-30x40-1-768x1082.jpg 768w, https:\/\/letrigram.com\/wp-content\/uploads\/2024\/12\/A6-AFFICHE-30x40-1-1090x1536.jpg 1090w, https:\/\/letrigram.com\/wp-content\/uploads\/2024\/12\/A6-AFFICHE-30x40-1.jpg 1241w\" sizes=\"(max-width: 727px) 100vw, 727px\" \/>\t\t\t\t\t\t\t\t\t\t\t\t\t\t\t<\/div>\n\t\t\t\t<\/div>\n\t\t\t\t<\/div>\n\t\t<div class=\"elementor-element elementor-element-b8434bf e-con-full e-flex e-con e-child\" data-id=\"b8434bf\" data-element_type=\"container\" data-e-type=\"container\">\n\t\t\t\t<div class=\"elementor-element elementor-element-a5eef94 elementor-widget__width-initial elementor-widget elementor-widget-text-editor\" data-id=\"a5eef94\" data-element_type=\"widget\" data-e-type=\"widget\" data-widget_type=\"text-editor.default\">\n\t\t\t\t<div class=\"elementor-widget-container\">\n\t\t\t\t\t\t\t\t\t<p style=\"font-weight: 400;\">Pour cl\u00f4turer cette seconde saison d\u2019expositions, la Galerie Le Trigram propose sa derni\u00e8re Pr\u00e9sentation d\u2019Art\u00ae de la saison 2024 intitul\u00e9e <em>&#8216; DESSINS 30 x 40\u2019 <\/em><strong>des artistes Florence Brodard, Christophe Horlain, Jo\u00eblle Bondil, Fran\u00e7ois Lautissier, Federica Nadalutti, John Carrid, Jan Maes, Philippe Perez, Loredana Rancatore, Christine Delbecq et Caroline Cassel.<\/strong><\/p><p style=\"font-weight: 400;\">Nous avons demand\u00e9s aux 11 artistes pr\u00e9sent\u00e9s au cours des saisons \u00a02023\/2024 de r\u00e9aliser 3 dessins originaux sur papier au format portrait 30x40cm.<\/p><p style=\"font-weight: 400;\">\u00a0<\/p>\t\t\t\t\t\t\t\t<\/div>\n\t\t\t\t<\/div>\n\t\t\t\t<\/div>\n\t\t\t\t<\/div>\n\t\t<div class=\"elementor-element elementor-element-f7349a7 e-con-full e-flex e-con e-parent\" data-id=\"f7349a7\" data-element_type=\"container\" data-e-type=\"container\">\n\t\t<div class=\"elementor-element elementor-element-30721d3 e-con-full e-flex e-con e-child\" data-id=\"30721d3\" data-element_type=\"container\" data-e-type=\"container\">\n\t\t\t\t<div class=\"elementor-element elementor-element-b5f1d67 elementor-widget__width-initial elementor-widget elementor-widget-image\" data-id=\"b5f1d67\" data-element_type=\"widget\" data-e-type=\"widget\" data-widget_type=\"image.default\">\n\t\t\t\t<div class=\"elementor-widget-container\">\n\t\t\t\t\t\t\t\t\t\t\t\t\t\t\t<img loading=\"lazy\" decoding=\"async\" width=\"727\" height=\"1024\" src=\"https:\/\/letrigram.com\/wp-content\/uploads\/2024\/10\/A6-FLYER-SERGE-GALLIOT-727x1024.jpg\" class=\"attachment-large size-large wp-image-753\" alt=\"\" srcset=\"https:\/\/letrigram.com\/wp-content\/uploads\/2024\/10\/A6-FLYER-SERGE-GALLIOT-727x1024.jpg 727w, https:\/\/letrigram.com\/wp-content\/uploads\/2024\/10\/A6-FLYER-SERGE-GALLIOT-213x300.jpg 213w, https:\/\/letrigram.com\/wp-content\/uploads\/2024\/10\/A6-FLYER-SERGE-GALLIOT-768x1082.jpg 768w, https:\/\/letrigram.com\/wp-content\/uploads\/2024\/10\/A6-FLYER-SERGE-GALLIOT-1090x1536.jpg 1090w, https:\/\/letrigram.com\/wp-content\/uploads\/2024\/10\/A6-FLYER-SERGE-GALLIOT.jpg 1241w\" sizes=\"(max-width: 727px) 100vw, 727px\" \/>\t\t\t\t\t\t\t\t\t\t\t\t\t\t\t<\/div>\n\t\t\t\t<\/div>\n\t\t\t\t<\/div>\n\t\t<div class=\"elementor-element elementor-element-805949a e-con-full e-flex e-con e-child\" data-id=\"805949a\" data-element_type=\"container\" data-e-type=\"container\">\n\t\t\t\t<div class=\"elementor-element elementor-element-28d5865 elementor-widget elementor-widget-text-editor\" data-id=\"28d5865\" data-element_type=\"widget\" data-e-type=\"widget\" data-widget_type=\"text-editor.default\">\n\t\t\t\t<div class=\"elementor-widget-container\">\n\t\t\t\t\t\t\t\t\t<p style=\"font-weight: 400;\">Dans le cadre de novembre mois de la photo, \u00a0une installation rep\u00e9r\u00e9e en juin 2023 au festival \u2018<em>BACK TO THE TREES\u2019<\/em> de l\u2019artiste animiste bisontin Serge GALLIOT qu\u2019il a fait \u00e9voluer depuis en un processus narratif fait appel \u00e0 la cr\u00e9ation plastique, la vid\u00e9o, la photo ainsi que la po\u00e9sie. Cette installation s\u2019int\u00e9resse \u00e0 la cons\u00e9quence de l\u2019objet en tant qu\u2019identit\u00e9.<\/p><p style=\"font-weight: 400;\">La cr\u00e9ation d\u2019un recueil de photographies et de textes <em>\u2018<strong>De l\u2019hiver \u00e0 la mer en passant par l\u2019\u00e9t\u00e9\u2019<\/strong><\/em> nous emm\u00e8ne dans un voyage au long court \u00e0 travers les saisons depuis la goutte de pluie qui alimente le ruisseau, nous racontant le cheminement de ces formes : <em>\u2018les Choses du ruisseau\u2019<\/em>.<\/p><h6 style=\"font-weight: 400;\">Qui est le ruisseau ? A quoi r\u00eave-t-il en se glissant dans son lit ? Je regarde la pluie tomber du ciel. Qui sont ces gouttes qui informent le ruisseau ? \u00a0 \u00a0 Sa puissance fluctue au gr\u00e9 des cycles des saisons, comment peut-il rester l\u00e0 si son eau ne fait que passer ? Tenter de Lui faire dire le voyage au long court de l\u2019eau, des nuages et des brumes. Des Choses.<\/h6><h6 style=\"font-weight: 400;\"><strong>De l\u2019hiver \u00e0 la mer en passant par l\u2019\u00e9t\u00e9. <\/strong><strong>Les Choses du ruisseau.<\/strong><\/h6><h6 style=\"font-weight: 400;\">Issues des miasmes de la glace, les Choses du ruisseau n\u2019ont qu\u2019une id\u00e9e en t\u00eate : Arriver \u00e0 la mer. M\u00e9connaissant la pesanteur, Elles prennent bien le Vent et la Lumi\u00e8re.<\/h6><h6 style=\"font-weight: 400;\"><em>Serge Galliot<\/em><\/h6>\t\t\t\t\t\t\t\t<\/div>\n\t\t\t\t<\/div>\n\t\t\t\t<\/div>\n\t\t\t\t<\/div>\n\t\t<div class=\"elementor-element elementor-element-63159d8 e-con-full e-flex e-con e-parent\" data-id=\"63159d8\" data-element_type=\"container\" data-e-type=\"container\">\n\t\t<div class=\"elementor-element elementor-element-ab4cfeb e-con-full e-flex e-con e-child\" data-id=\"ab4cfeb\" data-element_type=\"container\" data-e-type=\"container\">\n\t\t\t\t<div class=\"elementor-element elementor-element-0b7625d elementor-widget__width-initial elementor-widget elementor-widget-image\" data-id=\"0b7625d\" data-element_type=\"widget\" data-e-type=\"widget\" data-widget_type=\"image.default\">\n\t\t\t\t<div class=\"elementor-widget-container\">\n\t\t\t\t\t\t\t\t\t\t\t\t\t\t\t<img loading=\"lazy\" decoding=\"async\" width=\"727\" height=\"1024\" src=\"https:\/\/letrigram.com\/wp-content\/uploads\/2024\/11\/A6-FLYER-Caroline-CASSEL-727x1024.jpg\" class=\"attachment-large size-large wp-image-764\" alt=\"\" srcset=\"https:\/\/letrigram.com\/wp-content\/uploads\/2024\/11\/A6-FLYER-Caroline-CASSEL-727x1024.jpg 727w, https:\/\/letrigram.com\/wp-content\/uploads\/2024\/11\/A6-FLYER-Caroline-CASSEL-213x300.jpg 213w, https:\/\/letrigram.com\/wp-content\/uploads\/2024\/11\/A6-FLYER-Caroline-CASSEL-768x1082.jpg 768w, https:\/\/letrigram.com\/wp-content\/uploads\/2024\/11\/A6-FLYER-Caroline-CASSEL-1090x1536.jpg 1090w, https:\/\/letrigram.com\/wp-content\/uploads\/2024\/11\/A6-FLYER-Caroline-CASSEL.jpg 1241w\" sizes=\"(max-width: 727px) 100vw, 727px\" \/>\t\t\t\t\t\t\t\t\t\t\t\t\t\t\t<\/div>\n\t\t\t\t<\/div>\n\t\t\t\t<\/div>\n\t\t<div class=\"elementor-element elementor-element-5995158 e-con-full e-flex e-con e-child\" data-id=\"5995158\" data-element_type=\"container\" data-e-type=\"container\">\n\t\t\t\t<div class=\"elementor-element elementor-element-db22e60 elementor-widget elementor-widget-text-editor\" data-id=\"db22e60\" data-element_type=\"widget\" data-e-type=\"widget\" data-widget_type=\"text-editor.default\">\n\t\t\t\t<div class=\"elementor-widget-container\">\n\t\t\t\t\t\t\t\t\t<p style=\"font-weight: 400;\">\u2018\u2019Caroline Cassel \u00ab manipulant \u00bb des quasi objets dans des espaces dont le r\u00e9alisme est parfois sa n\u00e9gation propre. Un r\u00eave suspendu entre le virtuel et le r\u00e9el entre une repr\u00e9sentation \u00ab classique \u00bb et un espace formel ne renvoyant qu&#8217;\u00e0 sa mat\u00e9rialit\u00e9. Ces ruses placent dans la situation d&#8217;avoir \u00e0 repenser l&#8217;espace repr\u00e9sent\u00e9 pour affirmer l&#8217;espace du regardeur. Restituant celui-ci au monde en lui conf\u00e9rant \u00e0 l&#8217;inverse de la tradition une vision panoptique. \u2018\u2019 <em>Jo\u00ebl Kermarrec &#8211; <\/em><em>Extrait du texte pour l&#8217;exposition Am, stram, gram \u00e0 la Galerie Art Image<\/em>.<\/p><p style=\"font-weight: 400;\">C&#8217;est dans la lenteur des combinaisons, qu&#8217;un tableau se fait. Je travaille par analogie, par lien utilisant le d\u00e9coupage et le collage pour \u00e9laborer des constructions radicales. El\u00e9ments du r\u00e9el transform\u00e9s, maltrait\u00e9s, d\u00e9sincarn\u00e9s ; afin de renaitre par extraction, par changement d&#8217;\u00e9chelle, dans un nouveau contexte. Ces multiples possibles ou combinaisons permettent des rencontres suggestives. On voit, sur des d\u00e9grad\u00e9s qui spatialisent ou des aplats qui assourdissent, des formes archa\u00efques, des images de la m\u00e9moire, des choses que l&#8217;on per\u00e7oit ou que l&#8217;on croit percevoir, des r\u00e9miniscences.<\/p><p style=\"font-weight: 400;\">La m\u00e9moire est s\u00e9lective. Je conserve la forme ou le geste qui me reste en m\u00e9moire, celui qui persiste. Souvenir du r\u00e9el dont on conserve la singularit\u00e9. Fa\u00e7on de me rapprocher d\u2019une certaine id\u00e9e de la sinc\u00e9rit\u00e9. Caroline Cassel<\/p>\t\t\t\t\t\t\t\t<\/div>\n\t\t\t\t<\/div>\n\t\t\t\t<\/div>\n\t\t\t\t<\/div>\n\t\t<div class=\"elementor-element elementor-element-d39a3df e-con-full e-flex e-con e-parent\" data-id=\"d39a3df\" data-element_type=\"container\" data-e-type=\"container\">\n\t\t<div class=\"elementor-element elementor-element-0c3b784 e-con-full e-flex e-con e-child\" data-id=\"0c3b784\" data-element_type=\"container\" data-e-type=\"container\">\n\t\t\t\t<div class=\"elementor-element elementor-element-791c653 elementor-widget elementor-widget-image\" data-id=\"791c653\" data-element_type=\"widget\" data-e-type=\"widget\" data-widget_type=\"image.default\">\n\t\t\t\t<div class=\"elementor-widget-container\">\n\t\t\t\t\t\t\t\t\t\t\t\t\t\t\t<img loading=\"lazy\" decoding=\"async\" width=\"727\" height=\"1024\" src=\"https:\/\/letrigram.com\/wp-content\/uploads\/2024\/10\/A6-FLYER-Christine-DELBECQ-727x1024.jpg\" class=\"attachment-large size-large wp-image-727\" alt=\"\" srcset=\"https:\/\/letrigram.com\/wp-content\/uploads\/2024\/10\/A6-FLYER-Christine-DELBECQ-727x1024.jpg 727w, https:\/\/letrigram.com\/wp-content\/uploads\/2024\/10\/A6-FLYER-Christine-DELBECQ-213x300.jpg 213w, https:\/\/letrigram.com\/wp-content\/uploads\/2024\/10\/A6-FLYER-Christine-DELBECQ-768x1082.jpg 768w, https:\/\/letrigram.com\/wp-content\/uploads\/2024\/10\/A6-FLYER-Christine-DELBECQ-1090x1536.jpg 1090w, https:\/\/letrigram.com\/wp-content\/uploads\/2024\/10\/A6-FLYER-Christine-DELBECQ.jpg 1241w\" sizes=\"(max-width: 727px) 100vw, 727px\" \/>\t\t\t\t\t\t\t\t\t\t\t\t\t\t\t<\/div>\n\t\t\t\t<\/div>\n\t\t\t\t<\/div>\n\t\t<div class=\"elementor-element elementor-element-3a8cfb3 e-con-full e-flex e-con e-child\" data-id=\"3a8cfb3\" data-element_type=\"container\" data-e-type=\"container\">\n\t\t\t\t<div class=\"elementor-element elementor-element-8c9fdc8 elementor-widget elementor-widget-text-editor\" data-id=\"8c9fdc8\" data-element_type=\"widget\" data-e-type=\"widget\" data-widget_type=\"text-editor.default\">\n\t\t\t\t<div class=\"elementor-widget-container\">\n\t\t\t\t\t\t\t\t\t<p style=\"font-weight: 400;\">En noir et blanc.<\/p><p style=\"font-weight: 400;\">De la pointe de l\u2019outil p\u00e9n\u00e9trer dans le blanc, fendre le plein du blanc, s\u2019appuyer sur son volume.<\/p><p style=\"font-weight: 400;\">Craie noire, feutre, couteau, fil m\u00e9tallique ou \u00e0 coudre, tissu, carton, canson, papier de soie sont les \u00e9l\u00e9ments travaill\u00e9s par Christine Delbecq pour r\u00e9aliser ses \u0153uvres.\u00a0<\/p><p style=\"font-weight: 400;\">Elles montrent comment la ligne, forte pr\u00e9sence, traverse depuis trente ans mon travail en se transformant, comment me fascine le passage du plat au volume, ce qui <em>devient<\/em> &#8211; partant de presque rien &#8211; ;<\/p><p style=\"font-weight: 400;\">En faire le moins possible, que le dessin soit.<\/p><p style=\"font-weight: 400;\">Que la ligne dise, sans rien raconter.<\/p><p style=\"font-weight: 400;\">Dire ce qui p\u00e8se ou tombe, ce qui bute ou bien s\u2019\u00e9tale, dessiner en cahotant, trembler dans l\u2019espace, d\u00e9ployer le volume.<\/p><p style=\"font-weight: 400;\">\u00a0<\/p><p style=\"font-weight: 400;\"><em>\u00a0<\/em><\/p>\t\t\t\t\t\t\t\t<\/div>\n\t\t\t\t<\/div>\n\t\t\t\t<\/div>\n\t\t\t\t<\/div>\n\t\t<div class=\"elementor-element elementor-element-9622268 e-con-full e-flex e-con e-parent\" data-id=\"9622268\" data-element_type=\"container\" data-e-type=\"container\">\n\t\t<div class=\"elementor-element elementor-element-3907ae3 e-con-full e-flex e-con e-child\" data-id=\"3907ae3\" data-element_type=\"container\" data-e-type=\"container\">\n\t\t\t\t<div class=\"elementor-element elementor-element-90957e7 elementor-widget elementor-widget-image\" data-id=\"90957e7\" data-element_type=\"widget\" data-e-type=\"widget\" data-widget_type=\"image.default\">\n\t\t\t\t<div class=\"elementor-widget-container\">\n\t\t\t\t\t\t\t\t\t\t\t\t\t\t\t<img loading=\"lazy\" decoding=\"async\" width=\"727\" height=\"1024\" src=\"https:\/\/letrigram.com\/wp-content\/uploads\/2024\/06\/A6-FLYER-Loredana-RANCATORE-727x1024.jpg\" class=\"attachment-large size-large wp-image-462\" alt=\"\" srcset=\"https:\/\/letrigram.com\/wp-content\/uploads\/2024\/06\/A6-FLYER-Loredana-RANCATORE-727x1024.jpg 727w, https:\/\/letrigram.com\/wp-content\/uploads\/2024\/06\/A6-FLYER-Loredana-RANCATORE-213x300.jpg 213w, https:\/\/letrigram.com\/wp-content\/uploads\/2024\/06\/A6-FLYER-Loredana-RANCATORE-768x1082.jpg 768w, https:\/\/letrigram.com\/wp-content\/uploads\/2024\/06\/A6-FLYER-Loredana-RANCATORE-1090x1536.jpg 1090w, https:\/\/letrigram.com\/wp-content\/uploads\/2024\/06\/A6-FLYER-Loredana-RANCATORE.jpg 1241w\" sizes=\"(max-width: 727px) 100vw, 727px\" \/>\t\t\t\t\t\t\t\t\t\t\t\t\t\t\t<\/div>\n\t\t\t\t<\/div>\n\t\t\t\t<\/div>\n\t\t<div class=\"elementor-element elementor-element-84adedf e-con-full e-flex e-con e-child\" data-id=\"84adedf\" data-element_type=\"container\" data-e-type=\"container\">\n\t\t\t\t<div class=\"elementor-element elementor-element-7fc3829 elementor-widget elementor-widget-text-editor\" data-id=\"7fc3829\" data-element_type=\"widget\" data-e-type=\"widget\" data-widget_type=\"text-editor.default\">\n\t\t\t\t<div class=\"elementor-widget-container\">\n\t\t\t\t\t\t\t\t\t<p style=\"font-weight: 400;\">Mes sculptures r\u00e9alis\u00e9es essentiellement en ardoise sont constitu\u00e9es de fragments ajust\u00e9s dans un encha\u00eenement d\u00e9termin\u00e9 et r\u00e9p\u00e9titif. Rythmes, lignes de tension, variations lumineuses. L&#8217;exp\u00e9rience s&#8217;av\u00e8re physique, instantan\u00e9e.<\/p><p style=\"font-weight: 400;\">\u00abAvec patience et minutie, sans pour autant jamais briser l\u2019\u00e9nergie cr\u00e9atrice, Loredana Rancatore soude des milliers d\u2019\u00e9cailles de schiste noir, cette fameuse ardoise qui nous vient du pays angevin. Et c\u2019est alors tout un paysage abstrait qui se dessine et se mod\u00e8le en variations dansantes infinies, t\u00e9moignant de la v\u00e9racit\u00e9 de l\u2019existence parall\u00e8le d\u2019ancestrales g\u00e9ologies, l\u2019une terrestre et l\u2019autre mentale.<\/p><p style=\"font-weight: 400;\">L\u2019\u0153uvre de Loredana se situe au point exact o\u00f9 se rencontrent l\u2019histoire tectonique de la terre et les souvenirs \u00e9pisodiques et lointains de l\u2019inconscient humain.\u00bb <em>Pierre Gilles<\/em><\/p><p style=\"font-weight: 400;\">Dans ses \u0153uvres d&#8217;ardoise, le volume tend \u00e0 l&#8217;int\u00e9riorit\u00e9, comme un espace du dedans qui se trouverait transpos\u00e9 en surface. Les formes g\u00e9om\u00e9triques fondamentales sont complexifi\u00e9es par un travail de texture, d&#8217;une mati\u00e8re cr\u00e9nel\u00e9e, stratifi\u00e9e, assembl\u00e9e \u00e0 partir de brisures d&#8217;ardoise.\u00a0<\/p>\t\t\t\t\t\t\t\t<\/div>\n\t\t\t\t<\/div>\n\t\t\t\t<\/div>\n\t\t\t\t<\/div>\n\t\t<div class=\"elementor-element elementor-element-9354549 e-con-full e-flex e-con e-parent\" data-id=\"9354549\" data-element_type=\"container\" data-e-type=\"container\">\n\t\t<div class=\"elementor-element elementor-element-2af8ab0 e-con-full e-flex e-con e-child\" data-id=\"2af8ab0\" data-element_type=\"container\" data-e-type=\"container\">\n\t\t\t\t<div class=\"elementor-element elementor-element-36077ef elementor-widget elementor-widget-image\" data-id=\"36077ef\" data-element_type=\"widget\" data-e-type=\"widget\" data-widget_type=\"image.default\">\n\t\t\t\t<div class=\"elementor-widget-container\">\n\t\t\t\t\t\t\t\t\t\t\t\t\t\t\t<img loading=\"lazy\" decoding=\"async\" width=\"768\" height=\"1082\" src=\"https:\/\/letrigram.com\/wp-content\/uploads\/2024\/05\/A6-FLYER-PHILIPPE-PEREZ-768x1082.jpg\" class=\"attachment-medium_large size-medium_large wp-image-432\" alt=\"\" srcset=\"https:\/\/letrigram.com\/wp-content\/uploads\/2024\/05\/A6-FLYER-PHILIPPE-PEREZ-768x1082.jpg 768w, https:\/\/letrigram.com\/wp-content\/uploads\/2024\/05\/A6-FLYER-PHILIPPE-PEREZ-213x300.jpg 213w, https:\/\/letrigram.com\/wp-content\/uploads\/2024\/05\/A6-FLYER-PHILIPPE-PEREZ-727x1024.jpg 727w, https:\/\/letrigram.com\/wp-content\/uploads\/2024\/05\/A6-FLYER-PHILIPPE-PEREZ-1090x1536.jpg 1090w, https:\/\/letrigram.com\/wp-content\/uploads\/2024\/05\/A6-FLYER-PHILIPPE-PEREZ.jpg 1241w\" sizes=\"(max-width: 768px) 100vw, 768px\" \/>\t\t\t\t\t\t\t\t\t\t\t\t\t\t\t<\/div>\n\t\t\t\t<\/div>\n\t\t\t\t<\/div>\n\t\t<div class=\"elementor-element elementor-element-e1dcb0b e-con-full e-flex e-con e-child\" data-id=\"e1dcb0b\" data-element_type=\"container\" data-e-type=\"container\">\n\t\t\t\t<div class=\"elementor-element elementor-element-3239309 elementor-widget__width-initial elementor-widget elementor-widget-text-editor\" data-id=\"3239309\" data-element_type=\"widget\" data-e-type=\"widget\" data-widget_type=\"text-editor.default\">\n\t\t\t\t<div class=\"elementor-widget-container\">\n\t\t\t\t\t\t\t\t\t<div><p class=\"Paragraphestandard\">Philippe PEREZ interroge notre relation \u00e0 la peur au travers de repr\u00e9sentations compilant diff\u00e9rentes sources\u00a0: de l\u2019affiche de films d\u2019horreur aux images d\u2019Internet en passant par l\u2019histoire de l\u2019art. Ceci faisant r\u00e9f\u00e9rence \u00e0 une vari\u00e9t\u00e9 de sources populaires et culturelles. Ce syncr\u00e9tisme refl\u00e8te un monde habit\u00e9 par les rencontres hasardeuses ou calcul\u00e9es qui g\u00e9n\u00e8rent les repr\u00e9sentations constituant nos peurs.<\/p><p style=\"font-weight: 400;\">Ses dessins gravitent autour de th\u00e9matiques qui sont la nature, la nourriture, les virus et les images que nos peurs ont cr\u00e9\u00e9es.<\/p><p style=\"font-weight: 400;\">Il ne s\u2019agit pas d\u2019une vision enchant\u00e9e ironisant nos angoisses, mais un ajustement de fragments d\u2019images, qui sans confrontation \u00a0directe et oscillant entre s\u00e9duction et r\u00e9pulsion, questionne nos peurs.<\/p><\/div>\t\t\t\t\t\t\t\t<\/div>\n\t\t\t\t<\/div>\n\t\t\t\t<\/div>\n\t\t\t\t<\/div>\n\t\t<div class=\"elementor-element elementor-element-2f97493 e-con-full e-flex e-con e-parent\" data-id=\"2f97493\" data-element_type=\"container\" data-e-type=\"container\">\n\t\t<div class=\"elementor-element elementor-element-869325b e-con-full e-flex e-con e-child\" data-id=\"869325b\" data-element_type=\"container\" data-e-type=\"container\">\n\t\t\t\t<div class=\"elementor-element elementor-element-44065a8 elementor-widget elementor-widget-image\" data-id=\"44065a8\" data-element_type=\"widget\" data-e-type=\"widget\" data-widget_type=\"image.default\">\n\t\t\t\t<div class=\"elementor-widget-container\">\n\t\t\t\t\t\t\t\t\t\t\t\t\t\t\t<img loading=\"lazy\" decoding=\"async\" width=\"727\" height=\"1024\" src=\"https:\/\/letrigram.com\/wp-content\/uploads\/2024\/04\/A6-AFFICHE-JAN-MAES-727x1024.jpg\" class=\"attachment-large size-large wp-image-382\" alt=\"\" srcset=\"https:\/\/letrigram.com\/wp-content\/uploads\/2024\/04\/A6-AFFICHE-JAN-MAES-727x1024.jpg 727w, https:\/\/letrigram.com\/wp-content\/uploads\/2024\/04\/A6-AFFICHE-JAN-MAES-213x300.jpg 213w, https:\/\/letrigram.com\/wp-content\/uploads\/2024\/04\/A6-AFFICHE-JAN-MAES-768x1082.jpg 768w, https:\/\/letrigram.com\/wp-content\/uploads\/2024\/04\/A6-AFFICHE-JAN-MAES-1090x1536.jpg 1090w, https:\/\/letrigram.com\/wp-content\/uploads\/2024\/04\/A6-AFFICHE-JAN-MAES.jpg 1241w\" sizes=\"(max-width: 727px) 100vw, 727px\" \/>\t\t\t\t\t\t\t\t\t\t\t\t\t\t\t<\/div>\n\t\t\t\t<\/div>\n\t\t\t\t<\/div>\n\t\t<div class=\"elementor-element elementor-element-aa5f39b e-con-full e-flex e-con e-child\" data-id=\"aa5f39b\" data-element_type=\"container\" data-e-type=\"container\">\n\t\t\t\t<\/div>\n\t\t\t\t<div class=\"elementor-element elementor-element-afd4feb elementor-widget elementor-widget-text-editor\" data-id=\"afd4feb\" data-element_type=\"widget\" data-e-type=\"widget\" data-widget_type=\"text-editor.default\">\n\t\t\t\t<div class=\"elementor-widget-container\">\n\t\t\t\t\t\t\t\t\t<p style=\"font-weight: 400;\">Jan MAES alterne le dessin et la sculpture, c\u2019est dans le bois que Jan tron\u00e7onne et polit avec une \u00e9nergie de d\u00e9miurge. Parfois juste une touche de pl\u00e2tre et de goudron pour un \u00e9clat de couleur. Organiques, ses \u0153uvres sont toujours une \u00e9vocation du corps.\u2026<\/p><p style=\"font-weight: 400;\">Totems attentifs, formes en mouvement, beaut\u00e9s \u00e9tranges, puissantes et innocentes, sauvages et d\u00e9licates, solides et f\u00eal\u00e9es : chacun y per\u00e7oit, ici un longiligne tibia, l\u00e0 un visage endormi ou un torse magnifi\u00e9, comme autant de morceaux choisis, r\u00e9habilit\u00e9s et glorieux, renfermant leur part de myst\u00e8re individuel.Ainsi, au fil du temps, le sculpteur, tel un chaman \u00e0 la recherche de morceaux d\u2019\u00e2me \u00e9parpill\u00e9s, reconstitue autour de lui une tribu unique.\u2026<\/p><p style=\"font-weight: 400;\">Gilles Avisse, critique \u00e0 propos de l\u2019\u0153uvre de Jan Maes (extraits)<\/p>\t\t\t\t\t\t\t\t<\/div>\n\t\t\t\t<\/div>\n\t\t\t\t<\/div>\n\t\t<div class=\"elementor-element elementor-element-be63e27 e-flex e-con-boxed e-con e-parent\" data-id=\"be63e27\" data-element_type=\"container\" data-e-type=\"container\">\n\t\t\t\t\t<div class=\"e-con-inner\">\n\t\t\t\t<div class=\"elementor-element elementor-element-5ce711e elementor-widget elementor-widget-heading\" data-id=\"5ce711e\" data-element_type=\"widget\" data-e-type=\"widget\" data-widget_type=\"heading.default\">\n\t\t\t\t<div class=\"elementor-widget-container\">\n\t\t\t\t\t<h2 class=\"elementor-heading-title elementor-size-default\">2023<\/h2>\t\t\t\t<\/div>\n\t\t\t\t<\/div>\n\t\t\t\t\t<\/div>\n\t\t\t\t<\/div>\n\t\t<div class=\"elementor-element elementor-element-e50458f e-flex e-con-boxed e-con e-parent\" data-id=\"e50458f\" data-element_type=\"container\" data-e-type=\"container\">\n\t\t\t\t\t<div class=\"e-con-inner\">\n\t\t<div class=\"elementor-element elementor-element-fb4a3ef e-con-full e-flex e-con e-child\" data-id=\"fb4a3ef\" data-element_type=\"container\" data-e-type=\"container\">\n\t\t\t\t<div class=\"elementor-element elementor-element-3bac5ef elementor-widget elementor-widget-image\" data-id=\"3bac5ef\" data-element_type=\"widget\" data-e-type=\"widget\" data-widget_type=\"image.default\">\n\t\t\t\t<div class=\"elementor-widget-container\">\n\t\t\t\t\t\t\t\t\t\t\t\t\t\t\t<img loading=\"lazy\" decoding=\"async\" width=\"486\" height=\"685\" src=\"https:\/\/letrigram.com\/wp-content\/uploads\/2024\/02\/A6-FLYER-JOHN-CARRID.jpg\" class=\"attachment-large size-large wp-image-277\" alt=\"\" srcset=\"https:\/\/letrigram.com\/wp-content\/uploads\/2024\/02\/A6-FLYER-JOHN-CARRID.jpg 486w, https:\/\/letrigram.com\/wp-content\/uploads\/2024\/02\/A6-FLYER-JOHN-CARRID-213x300.jpg 213w\" sizes=\"(max-width: 486px) 100vw, 486px\" \/>\t\t\t\t\t\t\t\t\t\t\t\t\t\t\t<\/div>\n\t\t\t\t<\/div>\n\t\t\t\t<\/div>\n\t\t<div class=\"elementor-element elementor-element-9d48a3e e-con-full e-flex e-con e-child\" data-id=\"9d48a3e\" data-element_type=\"container\" data-e-type=\"container\">\n\t\t\t\t<div class=\"elementor-element elementor-element-22f0fe6 elementor-widget elementor-widget-text-editor\" data-id=\"22f0fe6\" data-element_type=\"widget\" data-e-type=\"widget\" data-widget_type=\"text-editor.default\">\n\t\t\t\t<div class=\"elementor-widget-container\">\n\t\t\t\t\t\t\t\t\t<p style=\"font-weight: 400;\">John Carrid se situe entre art contemporain et art singulier. <span style=\"font-size: 14px; text-align: var(--text-align);\">Ses travaux mettent en sc\u00e8ne et en espace les ambigu\u00eft\u00e9s du corps ainsi que du genre, Il questionne les troubles de la sexualit\u00e9, de l&#8217;identit\u00e9 et plus g\u00e9n\u00e9ralement les\u00a0interactions humaines en soci\u00e9t\u00e9.<\/span><span style=\"font-size: 14px; text-align: var(--text-align);\">Ses propositions artistiques peuvent para\u00eetre parfois\u00a0d\u00e9routantes et\/ou provocantes, car c&#8217;est \u00e0 partir d&#8217;impulsions cycliques qu\u2019il choisit ses m\u00e9diums et moyens plastiques et ses directions, cela correspond \u00e0 son mode de fonctionnement au quotidien.<\/span><\/p><p style=\"font-weight: 400;\">\u00a0<\/p>\t\t\t\t\t\t\t\t<\/div>\n\t\t\t\t<\/div>\n\t\t\t\t<div class=\"elementor-element elementor-element-9eb2a87 elementor-widget elementor-widget-video\" data-id=\"9eb2a87\" data-element_type=\"widget\" data-e-type=\"widget\" data-settings=\"{&quot;video_type&quot;:&quot;hosted&quot;,&quot;controls&quot;:&quot;yes&quot;}\" data-widget_type=\"video.default\">\n\t\t\t\t<div class=\"elementor-widget-container\">\n\t\t\t\t\t\t\t<div class=\"e-hosted-video elementor-wrapper elementor-open-inline\">\n\t\t\t\t\t<video class=\"elementor-video\" src=\"http:\/\/letrigram.com\/wp-content\/uploads\/2024\/02\/10000000_24215808391397180_6034020775461394663_n.mp4\" controls=\"\" preload=\"metadata\" controlsList=\"nodownload\"><\/video>\n\t\t\t\t<\/div>\n\t\t\t\t\t\t<\/div>\n\t\t\t\t<\/div>\n\t\t\t\t<\/div>\n\t\t\t\t\t<\/div>\n\t\t\t\t<\/div>\n\t\t<div class=\"elementor-element elementor-element-93d0a43 e-flex e-con-boxed e-con e-parent\" data-id=\"93d0a43\" data-element_type=\"container\" data-e-type=\"container\">\n\t\t\t\t\t<div class=\"e-con-inner\">\n\t\t<div class=\"elementor-element elementor-element-1f0632c e-con-full e-flex e-con e-child\" data-id=\"1f0632c\" data-element_type=\"container\" data-e-type=\"container\">\n\t\t\t\t<div class=\"elementor-element elementor-element-69b53d7 elementor-widget elementor-widget-image\" data-id=\"69b53d7\" data-element_type=\"widget\" data-e-type=\"widget\" data-widget_type=\"image.default\">\n\t\t\t\t<div class=\"elementor-widget-container\">\n\t\t\t\t\t\t\t\t\t\t\t\t\t\t\t<img loading=\"lazy\" decoding=\"async\" width=\"727\" height=\"1024\" src=\"https:\/\/letrigram.com\/wp-content\/uploads\/2024\/02\/A6-AFFICHE-FEDERICA-NADALUTTI-727x1024.jpg\" class=\"attachment-large size-large wp-image-279\" alt=\"\" srcset=\"https:\/\/letrigram.com\/wp-content\/uploads\/2024\/02\/A6-AFFICHE-FEDERICA-NADALUTTI-727x1024.jpg 727w, https:\/\/letrigram.com\/wp-content\/uploads\/2024\/02\/A6-AFFICHE-FEDERICA-NADALUTTI-213x300.jpg 213w, https:\/\/letrigram.com\/wp-content\/uploads\/2024\/02\/A6-AFFICHE-FEDERICA-NADALUTTI-768x1082.jpg 768w, https:\/\/letrigram.com\/wp-content\/uploads\/2024\/02\/A6-AFFICHE-FEDERICA-NADALUTTI-1090x1536.jpg 1090w, https:\/\/letrigram.com\/wp-content\/uploads\/2024\/02\/A6-AFFICHE-FEDERICA-NADALUTTI.jpg 1241w\" sizes=\"(max-width: 727px) 100vw, 727px\" \/>\t\t\t\t\t\t\t\t\t\t\t\t\t\t\t<\/div>\n\t\t\t\t<\/div>\n\t\t\t\t<\/div>\n\t\t<div class=\"elementor-element elementor-element-b7cff60 e-con-full e-flex e-con e-child\" data-id=\"b7cff60\" data-element_type=\"container\" data-e-type=\"container\">\n\t\t\t\t<div class=\"elementor-element elementor-element-1860d34 elementor-widget elementor-widget-text-editor\" data-id=\"1860d34\" data-element_type=\"widget\" data-e-type=\"widget\" data-widget_type=\"text-editor.default\">\n\t\t\t\t<div class=\"elementor-widget-container\">\n\t\t\t\t\t\t\t\t\t<p style=\"font-weight: 400;\">Son travail est un dialogue entre une surface et un volume. Il se dessine par des segments de lignes dans des directions sugg\u00e9r\u00e9es par la grille, alphabet muet du carr\u00e9.<\/p><p style=\"font-weight: 400;\">Naissent alors des formes plus au moins allong\u00e9es ou repli\u00e9es qui semblent s\u2019\u00eatre arr\u00eat\u00e9es dans leur d\u00e9veloppement, comme si le regardeur voulait l\u2019instant d\u2019un regard se les approprier pour les suivre. La ligne est l\u2019expression de cette relation, c\u2019est elle qui \u201c\u0153uvre\u201d dans l\u2019espace. Les structures naissantes sont des bas et des hauts-reliefs ou encore des volumes appuy\u00e9s au mur.<\/p><p style=\"font-weight: 400;\">Le mat\u00e9riau qui les construit est parfois le carton, d\u00e9tourn\u00e9 de son usage initial, il est model\u00e9 et recompos\u00e9 pour lui donner mon orientation. J\u2019aime les formes simples et mes r\u00e9f\u00e9rences vont vers l\u2019art minimal : Sol LeWitt, Carl Andre, Robert Morris ou encore Rosemarie Castoro, Agn\u00e8s Martin, Aur\u00e9lie Nemours, Pierre Tal Coat et tant d\u2019autres\u2026<\/p><p style=\"font-weight: 400;\">Federica Nadalutti souhaite amener mon travail vers l\u2019essentiel, le simple, le r\u00e9ductif.<\/p><p style=\"font-weight: 400;\">\u00a0<\/p><p style=\"font-weight: 400;\">\u00a0<\/p><p style=\"font-weight: 400;\"><strong>\u00a0<\/strong><\/p>\t\t\t\t\t\t\t\t<\/div>\n\t\t\t\t<\/div>\n\t\t\t\t<\/div>\n\t\t\t\t\t<\/div>\n\t\t\t\t<\/div>\n\t\t<div class=\"elementor-element elementor-element-1d8fd3e e-flex e-con-boxed e-con e-parent\" data-id=\"1d8fd3e\" data-element_type=\"container\" data-e-type=\"container\">\n\t\t\t\t\t<div class=\"e-con-inner\">\n\t\t<div class=\"elementor-element elementor-element-c3471e6 e-con-full e-flex e-con e-child\" data-id=\"c3471e6\" data-element_type=\"container\" data-e-type=\"container\">\n\t\t\t\t<div class=\"elementor-element elementor-element-fc96a6b elementor-widget elementor-widget-image\" data-id=\"fc96a6b\" data-element_type=\"widget\" data-e-type=\"widget\" data-widget_type=\"image.default\">\n\t\t\t\t<div class=\"elementor-widget-container\">\n\t\t\t\t\t\t\t\t\t\t\t\t\t\t\t<img loading=\"lazy\" decoding=\"async\" width=\"727\" height=\"1024\" src=\"https:\/\/letrigram.com\/wp-content\/uploads\/2024\/02\/A6-FLYER-FRANCOIS-LAUTISSIER-727x1024.jpg\" class=\"attachment-large size-large wp-image-283\" alt=\"\" srcset=\"https:\/\/letrigram.com\/wp-content\/uploads\/2024\/02\/A6-FLYER-FRANCOIS-LAUTISSIER-727x1024.jpg 727w, https:\/\/letrigram.com\/wp-content\/uploads\/2024\/02\/A6-FLYER-FRANCOIS-LAUTISSIER-213x300.jpg 213w, https:\/\/letrigram.com\/wp-content\/uploads\/2024\/02\/A6-FLYER-FRANCOIS-LAUTISSIER-768x1082.jpg 768w, https:\/\/letrigram.com\/wp-content\/uploads\/2024\/02\/A6-FLYER-FRANCOIS-LAUTISSIER-1090x1536.jpg 1090w, https:\/\/letrigram.com\/wp-content\/uploads\/2024\/02\/A6-FLYER-FRANCOIS-LAUTISSIER.jpg 1241w\" sizes=\"(max-width: 727px) 100vw, 727px\" \/>\t\t\t\t\t\t\t\t\t\t\t\t\t\t\t<\/div>\n\t\t\t\t<\/div>\n\t\t\t\t<\/div>\n\t\t<div class=\"elementor-element elementor-element-f4a8781 e-con-full e-flex e-con e-child\" data-id=\"f4a8781\" data-element_type=\"container\" data-e-type=\"container\">\n\t\t\t\t<div class=\"elementor-element elementor-element-1f084fb elementor-widget elementor-widget-text-editor\" data-id=\"1f084fb\" data-element_type=\"widget\" data-e-type=\"widget\" data-widget_type=\"text-editor.default\">\n\t\t\t\t<div class=\"elementor-widget-container\">\n\t\t\t\t\t\t\t\t\t<p style=\"font-weight: 400;\">Celui-ci puise son inspiration\u00a0dans les friches industrielles, les mat\u00e9riaux recyclables et se d\u00e9crit comme un\u00a0<em>\u00ab\u00a0primitif urbain\u00a0\u00bb<\/em>. Autodidacte, il improvise\u00a0:\u00a0<em>\u00ab\u00a0Je travaille sur le d\u00e9doublement du moi, au gr\u00e9 de mes supports, sans limite \u00e0 ma cr\u00e9ativit\u00e9\u00a0\u00bb<\/em>. N\u00e9anmoins, il cr\u00e9e dans ses peintures un monde color\u00e9. Ses sculptures et ses peintures\u00a0emm\u00e8nent\u00a0le visiteur dans un univers \u00e0 la fois primitif et moderne, inspir\u00e9 de Dali ou de Picasso.\u00a0<\/p><p style=\"font-weight: 400;\">Dans ses \u0153uvres, le th\u00e8me du double est r\u00e9current. Divers fils tendus tissent une toile cr\u00e9ant un univers riche et imaginatif qui lui est propre.<\/p><p style=\"font-weight: 400;\">\u00ab Son questionnement sur l\u2019homme, sa nature, son action, ses erreurs, ses masques, son \u00e2me, qu\u2019il d\u00e9cline en images color\u00e9es, aux regards effront\u00e9s sur diverses surfaces sont le moteur de sa recherche\u2026 Autodidacte sans technique fixe, il improvise et d\u00e9couvre poursuivant une chim\u00e8re qui lui \u00e9chappe sans cesse. \u00bb<\/p>\t\t\t\t\t\t\t\t<\/div>\n\t\t\t\t<\/div>\n\t\t\t\t<\/div>\n\t\t\t\t\t<\/div>\n\t\t\t\t<\/div>\n\t\t<div class=\"elementor-element elementor-element-bf67be6 e-flex e-con-boxed e-con e-parent\" data-id=\"bf67be6\" data-element_type=\"container\" data-e-type=\"container\">\n\t\t\t\t\t<div class=\"e-con-inner\">\n\t\t<div class=\"elementor-element elementor-element-c33e5ff e-con-full e-flex e-con e-child\" data-id=\"c33e5ff\" data-element_type=\"container\" data-e-type=\"container\">\n\t\t\t\t<div class=\"elementor-element elementor-element-9b8d254 elementor-widget elementor-widget-image\" data-id=\"9b8d254\" data-element_type=\"widget\" data-e-type=\"widget\" data-widget_type=\"image.default\">\n\t\t\t\t<div class=\"elementor-widget-container\">\n\t\t\t\t\t\t\t\t\t\t\t\t\t\t\t<img loading=\"lazy\" decoding=\"async\" width=\"727\" height=\"1024\" src=\"https:\/\/letrigram.com\/wp-content\/uploads\/2024\/02\/A6-FLYER-CH-DVZ-727x1024.jpg\" class=\"attachment-large size-large wp-image-284\" alt=\"\" srcset=\"https:\/\/letrigram.com\/wp-content\/uploads\/2024\/02\/A6-FLYER-CH-DVZ-727x1024.jpg 727w, https:\/\/letrigram.com\/wp-content\/uploads\/2024\/02\/A6-FLYER-CH-DVZ-213x300.jpg 213w, https:\/\/letrigram.com\/wp-content\/uploads\/2024\/02\/A6-FLYER-CH-DVZ-768x1082.jpg 768w, https:\/\/letrigram.com\/wp-content\/uploads\/2024\/02\/A6-FLYER-CH-DVZ-1090x1536.jpg 1090w, https:\/\/letrigram.com\/wp-content\/uploads\/2024\/02\/A6-FLYER-CH-DVZ.jpg 1241w\" sizes=\"(max-width: 727px) 100vw, 727px\" \/>\t\t\t\t\t\t\t\t\t\t\t\t\t\t\t<\/div>\n\t\t\t\t<\/div>\n\t\t\t\t<\/div>\n\t\t<div class=\"elementor-element elementor-element-5626a57 e-con-full e-flex e-con e-child\" data-id=\"5626a57\" data-element_type=\"container\" data-e-type=\"container\">\n\t\t\t\t<div class=\"elementor-element elementor-element-7086f17 elementor-widget elementor-widget-text-editor\" data-id=\"7086f17\" data-element_type=\"widget\" data-e-type=\"widget\" data-widget_type=\"text-editor.default\">\n\t\t\t\t<div class=\"elementor-widget-container\">\n\t\t\t\t\t\t\t\t\t<p style=\"font-weight: 400;\">Lors de son premier s\u00e9jour \u00e0 Berlin , il passait sous la station Hackeschermarkt et la premi\u00e8re image qui l\u2019a le plus frapp\u00e9, f\u00fbt de voir de\u00a0 profil une \u00e9paisseur impressionnante d\u2019environ 50cm de superposition d\u2019affiches de m\u00eame format coll\u00e9es les unes aux autres, laissant appara\u00eetre les strates de ces diff\u00e9rentes couches. Ses premi\u00e8res interrogations furent :<\/p><p style=\"font-weight: 400;\">Que dit celle-ci\u00a0?\u00a0Que faire de la mati\u00e8re?<\/p><p style=\"font-weight: 400;\">Le processus de cr\u00e9ation a m\u00fbri durant 4 ann\u00e9es lors de ses s\u00e9jours r\u00e9guliers \u00e0 BERLIN, dans une ville en pleine mutation. Il a parcouru la ville d\u2019est en ouest, d\u00e9couvrant\u00a0 au fur et \u00e0 mesure son histoire pass\u00e9e et pr\u00e9sente. Il lui a sembl\u00e9 \u00e9vident au travers de ses \u00e9motions et sentiments de questionner la notion de \u00ab pass\u00e9 \u00bb et \u00ab du temps qui passe \u00bb. Celle-ci a une r\u00e9sonnance sur son travail de plasticien au travers de ses s\u00e9ries (\u00ab n\u00e9buleuses cit\u00e9s \u00bb,\u00a0 \u00ab le grand pari \u00bb, \u00ab les territoires \u00bb et \u00ab Figuratif Fragmentaire, croyance et consommation \u00bb) ou transparait la notion de temps dans ces repr\u00e9sentations artistiques, qu\u2019elles soient urbaines ou humaines. Cette \u0153uvre sur la m\u00e9moire nous am\u00e8ne \u00e0 r\u00e9fl\u00e9chir sur la notion de temps qui passe (pr\u00e9sent, pass\u00e9 et futur) et au travers de la vid\u00e9o de la performance <em>\u2018M\u00e9moire d\u00e9constructive\u2019 ,\u00a0\u00a0 nous interroge sur\u00a0: Qu\u2019est ce qu\u2019un mur aujourd\u2019hui\u00a0?<\/em><\/p>\t\t\t\t\t\t\t\t<\/div>\n\t\t\t\t<\/div>\n\t\t\t\t<\/div>\n\t\t\t\t\t<\/div>\n\t\t\t\t<\/div>\n\t\t<div class=\"elementor-element elementor-element-e52311d e-flex e-con-boxed e-con e-parent\" data-id=\"e52311d\" data-element_type=\"container\" data-e-type=\"container\">\n\t\t\t\t\t<div class=\"e-con-inner\">\n\t\t<div class=\"elementor-element elementor-element-3674943 e-con-full e-flex e-con e-child\" data-id=\"3674943\" data-element_type=\"container\" data-e-type=\"container\">\n\t\t\t\t<div class=\"elementor-element elementor-element-79dfda8 elementor-widget elementor-widget-image\" data-id=\"79dfda8\" data-element_type=\"widget\" data-e-type=\"widget\" data-widget_type=\"image.default\">\n\t\t\t\t<div class=\"elementor-widget-container\">\n\t\t\t\t\t\t\t\t\t\t\t\t\t\t\t<img loading=\"lazy\" decoding=\"async\" width=\"725\" height=\"1024\" src=\"https:\/\/letrigram.com\/wp-content\/uploads\/2024\/02\/A6-Flyer-Joelle-Bondil-725x1024.jpg\" class=\"attachment-large size-large wp-image-285\" alt=\"\" srcset=\"https:\/\/letrigram.com\/wp-content\/uploads\/2024\/02\/A6-Flyer-Joelle-Bondil-725x1024.jpg 725w, https:\/\/letrigram.com\/wp-content\/uploads\/2024\/02\/A6-Flyer-Joelle-Bondil-212x300.jpg 212w, https:\/\/letrigram.com\/wp-content\/uploads\/2024\/02\/A6-Flyer-Joelle-Bondil-768x1085.jpg 768w, https:\/\/letrigram.com\/wp-content\/uploads\/2024\/02\/A6-Flyer-Joelle-Bondil.jpg 878w\" sizes=\"(max-width: 725px) 100vw, 725px\" \/>\t\t\t\t\t\t\t\t\t\t\t\t\t\t\t<\/div>\n\t\t\t\t<\/div>\n\t\t\t\t<\/div>\n\t\t<div class=\"elementor-element elementor-element-27bfc0c e-con-full e-flex e-con e-child\" data-id=\"27bfc0c\" data-element_type=\"container\" data-e-type=\"container\">\n\t\t\t\t<div class=\"elementor-element elementor-element-e8f0aae elementor-widget elementor-widget-text-editor\" data-id=\"e8f0aae\" data-element_type=\"widget\" data-e-type=\"widget\" data-widget_type=\"text-editor.default\">\n\t\t\t\t<div class=\"elementor-widget-container\">\n\t\t\t\t\t\t\t\t\t<p style=\"font-weight: 400;\">Sc\u00e9nographe ainsi que plasticienne, Jo\u00eblle Bondil a une pratique constante et privil\u00e9gi\u00e9e du dessin.<\/p><p style=\"font-weight: 400;\">Par cette pratique contemporaine (qu\u2019elle souhaite polymorphe\u00a0: \u00e0 son image), elle met en \u0153uvre une perception sensible de nos environnements comme de nous-m\u00eames.<\/p><p style=\"font-weight: 400;\">Il lui importe de traduire la fragilit\u00e9 ainsi que l\u2019impermanence de la condition humaine. Gr\u00e2ce \u00e0 des allers retours entre micro\/macro, elle met en \u0153uvre la question de l\u2019anthropocentrisme. Elle interroge tout autant les fronti\u00e8res, qu\u2019elle repr\u00e9sente de fa\u00e7on aussi floues que mouvantes et le met directement en lien avec ce qu\u2019elle ne souhaite pas : \u00ab l\u2019univocit\u00e9\u00bb du propos. Pour cela, elle travaille avec diff\u00e9rentes r\u00e9f\u00e9rences, plusieurs niveaux de lecture et d\u2019approches qu\u2019elle entrem\u00eale. La perception spatiale de ses \u0153uvres : celle du proche, du lointain et des stades interm\u00e9diaires fait \u00e9galement partie de ses ingr\u00e9dients de travail. Par le tissage de gestes, vocabulaires graphiques, m\u00e9diums, supports, formats, r\u00e9f\u00e9rences, r\u00e9flexions et dans un rapport au temps volontairement ralenti (contretemps), elle cherche, dans le meilleur des cas, l\u2019\u00e9laboration, la maturation puis la proposition d\u2019\u0153uvres sensibles autant qu\u2019ouvertes.<\/p>\t\t\t\t\t\t\t\t<\/div>\n\t\t\t\t<\/div>\n\t\t\t\t<\/div>\n\t\t\t\t\t<\/div>\n\t\t\t\t<\/div>\n\t\t<div class=\"elementor-element elementor-element-913f0c8 e-flex e-con-boxed e-con e-parent\" data-id=\"913f0c8\" data-element_type=\"container\" data-e-type=\"container\">\n\t\t\t\t\t<div class=\"e-con-inner\">\n\t\t<div class=\"elementor-element elementor-element-3da7c04 e-con-full e-flex e-con e-child\" data-id=\"3da7c04\" data-element_type=\"container\" data-e-type=\"container\">\n\t\t\t\t<div class=\"elementor-element elementor-element-226a5e5 elementor-widget elementor-widget-image\" data-id=\"226a5e5\" data-element_type=\"widget\" data-e-type=\"widget\" data-widget_type=\"image.default\">\n\t\t\t\t<div class=\"elementor-widget-container\">\n\t\t\t\t\t\t\t\t\t\t\t\t\t\t\t<img loading=\"lazy\" decoding=\"async\" width=\"724\" height=\"1024\" src=\"https:\/\/letrigram.com\/wp-content\/uploads\/2024\/02\/A6-LE-TRIGRAM-CHorlain-724x1024.jpg\" class=\"attachment-large size-large wp-image-286\" alt=\"\" srcset=\"https:\/\/letrigram.com\/wp-content\/uploads\/2024\/02\/A6-LE-TRIGRAM-CHorlain-724x1024.jpg 724w, https:\/\/letrigram.com\/wp-content\/uploads\/2024\/02\/A6-LE-TRIGRAM-CHorlain-212x300.jpg 212w, https:\/\/letrigram.com\/wp-content\/uploads\/2024\/02\/A6-LE-TRIGRAM-CHorlain-768x1086.jpg 768w, https:\/\/letrigram.com\/wp-content\/uploads\/2024\/02\/A6-LE-TRIGRAM-CHorlain-1086x1536.jpg 1086w, https:\/\/letrigram.com\/wp-content\/uploads\/2024\/02\/A6-LE-TRIGRAM-CHorlain.jpg 1240w\" sizes=\"(max-width: 724px) 100vw, 724px\" \/>\t\t\t\t\t\t\t\t\t\t\t\t\t\t\t<\/div>\n\t\t\t\t<\/div>\n\t\t\t\t<\/div>\n\t\t<div class=\"elementor-element elementor-element-6af0621 e-con-full e-flex e-con e-child\" data-id=\"6af0621\" data-element_type=\"container\" data-e-type=\"container\">\n\t\t\t\t<div class=\"elementor-element elementor-element-cfcdf4f elementor-widget elementor-widget-text-editor\" data-id=\"cfcdf4f\" data-element_type=\"widget\" data-e-type=\"widget\" data-widget_type=\"text-editor.default\">\n\t\t\t\t<div class=\"elementor-widget-container\">\n\t\t\t\t\t\t\t\t\t<p style=\"font-weight: 400;\">Le GRAND PARIS, LYON, MARSEILLE, NANTES, BORDEAUX etc\u2026 est source de mon inspiration.<\/p><p style=\"font-weight: 400;\">Les villes se trouvent \u00eatre dans un renouveau de reconstruction li\u00e9 \u00e0 l\u2019augmentation de leur population, repoussant leurs limites du centre vers leurs faubourgs et au-del\u00e0 de leurs p\u00e9riph\u00e9ries. Elles cr\u00e9ent une migration interurbaine, rendant les populations invisibles o\u00f9 seule l\u2019architecture horizontale et verticale se dessine devant nos yeux. Ces architectures sont port\u00e9es par les populations qui migrent des centres-villes vers ces nouveaux espaces urbains, questionnant la mobilit\u00e9 de l\u2019habitat li\u00e9e aux facteurs \u00e9conomiques et \u00e0 la rupture des rep\u00e8res de leur cadre de vie. Dans ce travail graphique, je me r\u00e9approprie la ville dans une juxtaposition donnant une image globale de plus en plus concentr\u00e9e et color\u00e9e.<\/p><p style=\"font-weight: 400;\">Imaginant de nouvelles formes confrontant la g\u00e9om\u00e9trie et la couleur, donnant l\u2019impression de ne pouvoir p\u00e9n\u00e9trer cet ensemble.<\/p><p style=\"font-weight: 400;\">Seul le regard du spectateur peut trouver \u00e0 d\u00e9ambuler au travers de son imagination dans ces ensembles architecturaux.<\/p><p style=\"font-weight: 400;\">\u00a0<\/p>\t\t\t\t\t\t\t\t<\/div>\n\t\t\t\t<\/div>\n\t\t\t\t<\/div>\n\t\t\t\t\t<\/div>\n\t\t\t\t<\/div>\n\t\t<div class=\"elementor-element elementor-element-f7825cc e-flex e-con-boxed e-con e-parent\" data-id=\"f7825cc\" data-element_type=\"container\" data-e-type=\"container\">\n\t\t\t\t\t<div class=\"e-con-inner\">\n\t\t<div class=\"elementor-element elementor-element-5254611 e-con-full e-flex e-con e-child\" data-id=\"5254611\" data-element_type=\"container\" data-e-type=\"container\">\n\t\t\t\t<div class=\"elementor-element elementor-element-aef0557 elementor-widget elementor-widget-image\" data-id=\"aef0557\" data-element_type=\"widget\" data-e-type=\"widget\" data-widget_type=\"image.default\">\n\t\t\t\t<div class=\"elementor-widget-container\">\n\t\t\t\t\t\t\t\t\t\t\t\t\t\t\t<img loading=\"lazy\" decoding=\"async\" width=\"727\" height=\"1024\" src=\"https:\/\/letrigram.com\/wp-content\/uploads\/2024\/02\/FLYER-A6-FLO-BRODARD-727x1024.jpg\" class=\"attachment-large size-large wp-image-287\" alt=\"\" srcset=\"https:\/\/letrigram.com\/wp-content\/uploads\/2024\/02\/FLYER-A6-FLO-BRODARD-727x1024.jpg 727w, https:\/\/letrigram.com\/wp-content\/uploads\/2024\/02\/FLYER-A6-FLO-BRODARD-213x300.jpg 213w, https:\/\/letrigram.com\/wp-content\/uploads\/2024\/02\/FLYER-A6-FLO-BRODARD-768x1082.jpg 768w, https:\/\/letrigram.com\/wp-content\/uploads\/2024\/02\/FLYER-A6-FLO-BRODARD-1090x1536.jpg 1090w, https:\/\/letrigram.com\/wp-content\/uploads\/2024\/02\/FLYER-A6-FLO-BRODARD.jpg 1241w\" sizes=\"(max-width: 727px) 100vw, 727px\" \/>\t\t\t\t\t\t\t\t\t\t\t\t\t\t\t<\/div>\n\t\t\t\t<\/div>\n\t\t\t\t<\/div>\n\t\t<div class=\"elementor-element elementor-element-63cdf62 e-con-full e-flex e-con e-child\" data-id=\"63cdf62\" data-element_type=\"container\" data-e-type=\"container\">\n\t\t\t\t<div class=\"elementor-element elementor-element-cbb4205 elementor-widget elementor-widget-text-editor\" data-id=\"cbb4205\" data-element_type=\"widget\" data-e-type=\"widget\" data-widget_type=\"text-editor.default\">\n\t\t\t\t<div class=\"elementor-widget-container\">\n\t\t\t\t\t\t\t\t\t<p style=\"font-weight: 400;\">Mes sources d\u2019inspirations ont toujours privil\u00e9gi\u00e9es la recherche de formes simples color\u00e9es. La technique employ\u00e9e ici, est le pastel gras et le stylo feutre sur papier.<\/p><p style=\"font-weight: 400;\">Mes dessins. Miroirs d\u2019un monde inconscient.<\/p><p style=\"font-weight: 400;\">Reflets de l\u2019invisible, sont le fruit d\u2019un processus pendant lequel, \u00e9merge une forme directement transmise de l\u2019inconscient \u00e0 la main. Relay\u00e9 par le regard qui va donner chair \u00e0 la proposition. Donnant naissance \u00e0 des images \u00e0 la fois na\u00efves et matures, simples et puissantes, gaies et d\u00e9rangeantes.<\/p><p style=\"font-weight: 400;\">* Son univers est peupl\u00e9 de cr\u00e9atures improbables dont les formes amibo\u00efdes d\u00e9jouent toute tentative de fixation d\u2019une \u00e9chelle. Microcosme ou macrocosme ? Ce sont des incarnations graphiques d\u2019un lent processus d\u2019\u00e9mergence instinctive de formes probablement refoul\u00e9es. M\u00eame si la d\u00e9marche en est radicalement diff\u00e9rente, profond\u00e9ment individuelle \u2013 individualiste, m\u00eame \u2013 ces dessins peuvent faire penser aux cadavres exquis des surr\u00e9alistes. Le r\u00e9sultat, loin de toute grandiloquence ou de tout drame, est \u00e0 la fois spontan\u00e9 et m\u00fbri, na\u00eff et expressif. * source MACPARIS 2014 &#8211; extraits<\/p>\t\t\t\t\t\t\t\t<\/div>\n\t\t\t\t<\/div>\n\t\t\t\t<\/div>\n\t\t\t\t\t<\/div>\n\t\t\t\t<\/div>\n\t\t\t\t<\/div>\n\t\t","protected":false},"excerpt":{"rendered":"<p>2026 Pour commencer cette quatri\u00e8me saison d\u2019expositions, la galerie invite Christophe Curien dans une \u2018Exposition d\u00e9con-CERFS-tante\u2019. L\u2019artiste regarde le monde d\u2019un \u0153il amus\u00e9 et transpose l\u2019environnement.\u200dPeintre figuratif, dans un registre tr\u00e8s color\u00e9, il aime recourir \u00e0 des mises en sc\u00e8nes cocasses, des jeux de mots, des curiosit\u00e9s de langage, des d\u00e9tournements d\u2019objets o\u00f9 l\u2019humour et [&hellip;]<\/p>\n","protected":false},"author":1,"featured_media":0,"parent":0,"menu_order":0,"comment_status":"closed","ping_status":"closed","template":"","meta":{"ocean_post_layout":"","ocean_both_sidebars_style":"","ocean_both_sidebars_content_width":0,"ocean_both_sidebars_sidebars_width":0,"ocean_sidebar":"","ocean_second_sidebar":"","ocean_disable_margins":"enable","ocean_add_body_class":"","ocean_shortcode_before_top_bar":"","ocean_shortcode_after_top_bar":"","ocean_shortcode_before_header":"","ocean_shortcode_after_header":"","ocean_has_shortcode":"","ocean_shortcode_after_title":"","ocean_shortcode_before_footer_widgets":"","ocean_shortcode_after_footer_widgets":"","ocean_shortcode_before_footer_bottom":"","ocean_shortcode_after_footer_bottom":"","ocean_display_top_bar":"default","ocean_display_header":"default","ocean_header_style":"","ocean_center_header_left_menu":"","ocean_custom_header_template":"","ocean_custom_logo":0,"ocean_custom_retina_logo":0,"ocean_custom_logo_max_width":0,"ocean_custom_logo_tablet_max_width":0,"ocean_custom_logo_mobile_max_width":0,"ocean_custom_logo_max_height":0,"ocean_custom_logo_tablet_max_height":0,"ocean_custom_logo_mobile_max_height":0,"ocean_header_custom_menu":"","ocean_menu_typo_font_family":"","ocean_menu_typo_font_subset":"","ocean_menu_typo_font_size":0,"ocean_menu_typo_font_size_tablet":0,"ocean_menu_typo_font_size_mobile":0,"ocean_menu_typo_font_size_unit":"px","ocean_menu_typo_font_weight":"","ocean_menu_typo_font_weight_tablet":"","ocean_menu_typo_font_weight_mobile":"","ocean_menu_typo_transform":"","ocean_menu_typo_transform_tablet":"","ocean_menu_typo_transform_mobile":"","ocean_menu_typo_line_height":0,"ocean_menu_typo_line_height_tablet":0,"ocean_menu_typo_line_height_mobile":0,"ocean_menu_typo_line_height_unit":"","ocean_menu_typo_spacing":0,"ocean_menu_typo_spacing_tablet":0,"ocean_menu_typo_spacing_mobile":0,"ocean_menu_typo_spacing_unit":"","ocean_menu_link_color":"","ocean_menu_link_color_hover":"","ocean_menu_link_color_active":"","ocean_menu_link_background":"","ocean_menu_link_hover_background":"","ocean_menu_link_active_background":"","ocean_menu_social_links_bg":"","ocean_menu_social_hover_links_bg":"","ocean_menu_social_links_color":"","ocean_menu_social_hover_links_color":"","ocean_disable_title":"default","ocean_disable_heading":"default","ocean_post_title":"","ocean_post_subheading":"","ocean_post_title_style":"","ocean_post_title_background_color":"","ocean_post_title_background":0,"ocean_post_title_bg_image_position":"","ocean_post_title_bg_image_attachment":"","ocean_post_title_bg_image_repeat":"","ocean_post_title_bg_image_size":"","ocean_post_title_height":0,"ocean_post_title_bg_overlay":0.5,"ocean_post_title_bg_overlay_color":"","ocean_disable_breadcrumbs":"default","ocean_breadcrumbs_color":"","ocean_breadcrumbs_separator_color":"","ocean_breadcrumbs_links_color":"","ocean_breadcrumbs_links_hover_color":"","ocean_display_footer_widgets":"default","ocean_display_footer_bottom":"default","ocean_custom_footer_template":"","footnotes":""},"class_list":["post-87","page","type-page","status-publish","hentry","entry"],"_links":{"self":[{"href":"https:\/\/letrigram.com\/index.php?rest_route=\/wp\/v2\/pages\/87","targetHints":{"allow":["GET"]}}],"collection":[{"href":"https:\/\/letrigram.com\/index.php?rest_route=\/wp\/v2\/pages"}],"about":[{"href":"https:\/\/letrigram.com\/index.php?rest_route=\/wp\/v2\/types\/page"}],"author":[{"embeddable":true,"href":"https:\/\/letrigram.com\/index.php?rest_route=\/wp\/v2\/users\/1"}],"replies":[{"embeddable":true,"href":"https:\/\/letrigram.com\/index.php?rest_route=%2Fwp%2Fv2%2Fcomments&post=87"}],"version-history":[{"count":328,"href":"https:\/\/letrigram.com\/index.php?rest_route=\/wp\/v2\/pages\/87\/revisions"}],"predecessor-version":[{"id":1175,"href":"https:\/\/letrigram.com\/index.php?rest_route=\/wp\/v2\/pages\/87\/revisions\/1175"}],"wp:attachment":[{"href":"https:\/\/letrigram.com\/index.php?rest_route=%2Fwp%2Fv2%2Fmedia&parent=87"}],"curies":[{"name":"wp","href":"https:\/\/api.w.org\/{rel}","templated":true}]}}